{"id":25246,"date":"2025-03-07T15:05:37","date_gmt":"2025-03-07T14:05:37","guid":{"rendered":"https:\/\/fr.bi.glpch2.dev\/?page_id=25246"},"modified":"2025-06-01T15:44:52","modified_gmt":"2025-06-01T13:44:52","slug":"economie","status":"publish","type":"page","link":"https:\/\/fr.bi.glpch2.dev\/fr\/themes\/economie\/","title":{"rendered":"\u00c9CONOMIE"},"content":{"rendered":"\t\t<div data-elementor-type=\"wp-page\" data-elementor-id=\"25246\" class=\"elementor elementor-25246 elementor-25245\" data-elementor-post-type=\"page\">\n\t\t\t\t<div class=\"elementor-element elementor-element-62bf200f e-con-full e-flex e-con e-parent\" data-id=\"62bf200f\" data-element_type=\"container\" data-e-type=\"container\">\n\t\t<div class=\"elementor-element elementor-element-2273fb61 e-con-full e-flex e-con e-child\" data-id=\"2273fb61\" data-element_type=\"container\" data-e-type=\"container\" data-settings=\"{&quot;background_background&quot;:&quot;classic&quot;}\">\n\t\t\t\t<\/div>\n\t\t<div class=\"elementor-element elementor-element-3745353 e-flex e-con-boxed e-con e-child\" data-id=\"3745353\" data-element_type=\"container\" data-e-type=\"container\">\n\t\t\t\t\t<div class=\"e-con-inner\">\n\t\t<div class=\"elementor-element elementor-element-34215a0 e-flex e-con-boxed e-con e-child\" data-id=\"34215a0\" data-element_type=\"container\" data-e-type=\"container\">\n\t\t\t\t\t<div class=\"e-con-inner\">\n\t\t\t\t<div class=\"elementor-element elementor-element-64d1467c elementor-widget elementor-widget-jet-breadcrumbs\" data-id=\"64d1467c\" data-element_type=\"widget\" data-e-type=\"widget\" data-widget_type=\"jet-breadcrumbs.default\">\n\t\t\t\t<div class=\"elementor-widget-container\">\n\t\t\t\t\t<div class=\"elementor-jet-breadcrumbs jet-blocks\">\n\t\t<div class=\"jet-breadcrumbs\">\n\t\t<div class=\"jet-breadcrumbs__content\">\n\t\t<div class=\"jet-breadcrumbs__wrap\"><div class=\"jet-breadcrumbs__item\"><a href=\"https:\/\/fr.bi.glpch2.dev\/fr\/\" class=\"jet-breadcrumbs__item-link is-home\" rel=\"home\" title=\"\">  <\/a><\/div>\n\t\t<\/div>\n\t\t<\/div>\n\t\t<\/div><\/div>\t\t\t\t<\/div>\n\t\t\t\t<\/div>\n\t\t\t\t\t<\/div>\n\t\t\t\t<\/div>\n\t\t<div class=\"elementor-element elementor-element-7b207c48 e-con-full e-flex e-con e-child\" data-id=\"7b207c48\" data-element_type=\"container\" data-e-type=\"container\">\n\t\t<div class=\"elementor-element elementor-element-36f6938 e-con-full e-flex e-con e-child\" data-id=\"36f6938\" data-element_type=\"container\" data-e-type=\"container\">\n\t\t\t\t<div class=\"elementor-element elementor-element-28be8f32 elementor-widget elementor-widget-heading\" data-id=\"28be8f32\" data-element_type=\"widget\" data-e-type=\"widget\" data-widget_type=\"heading.default\">\n\t\t\t\t<div class=\"elementor-widget-container\">\n\t\t\t\t\t<h2 class=\"elementor-heading-title elementor-size-default\">Politique<\/h2>\t\t\t\t<\/div>\n\t\t\t\t<\/div>\n\t\t\t\t<\/div>\n\t\t<div class=\"elementor-element elementor-element-62421e8b e-con-full e-flex e-con e-child\" data-id=\"62421e8b\" data-element_type=\"container\" data-e-type=\"container\">\n\t\t\t\t<div class=\"elementor-element elementor-element-132015a9 elementor-widget elementor-widget-heading\" data-id=\"132015a9\" data-element_type=\"widget\" data-e-type=\"widget\" data-widget_type=\"heading.default\">\n\t\t\t\t<div class=\"elementor-widget-container\">\n\t\t\t\t\t<h1 class=\"elementor-heading-title elementor-size-default\">\u00c9CONOMIE<\/h1>\t\t\t\t<\/div>\n\t\t\t\t<\/div>\n\t\t\t\t<div class=\"elementor-element elementor-element-158d05bb elementor-hidden-mobile elementor-widget elementor-widget-heading\" data-id=\"158d05bb\" data-element_type=\"widget\" data-e-type=\"widget\" data-widget_type=\"heading.default\">\n\t\t\t\t<div class=\"elementor-widget-container\">\n\t\t\t\t\t<h2 class=\"elementor-heading-title elementor-size-default\">Le courage d\u2019agir pour l'\u00e9conomie<\/h2>\t\t\t\t<\/div>\n\t\t\t\t<\/div>\n\t\t\t\t<div class=\"elementor-element elementor-element-6a648371 elementor-widget elementor-widget-spacer\" data-id=\"6a648371\" data-element_type=\"widget\" data-e-type=\"widget\" data-widget_type=\"spacer.default\">\n\t\t\t\t<div class=\"elementor-widget-container\">\n\t\t\t\t\t\t\t<div class=\"elementor-spacer\">\n\t\t\t<div class=\"elementor-spacer-inner\"><\/div>\n\t\t<\/div>\n\t\t\t\t\t\t<\/div>\n\t\t\t\t<\/div>\n\t\t\t\t<div class=\"elementor-element elementor-element-50167e9e elementor-widget elementor-widget-text-editor\" data-id=\"50167e9e\" data-element_type=\"widget\" data-e-type=\"widget\" data-widget_type=\"text-editor.default\">\n\t\t\t\t<div class=\"elementor-widget-container\">\n\t\t\t\t\t\t\t\t\t<p>Le PVL du canton de Fribourg, convaincu de l\u2019importance d\u2019une \u00e9conomie forte, profitable \u00e0 toutes et tous, identifie trois domaines importants.<\/p>\n\t\t\t\t\t\t\t\t<\/div>\n\t\t\t\t<\/div>\n\t\t\t\t<\/div>\n\t\t\t\t<\/div>\n\t\t\t\t\t<\/div>\n\t\t\t\t<\/div>\n\t\t\t\t<\/div>\n\t\t<div class=\"elementor-element elementor-element-356c72e5 e-flex e-con-boxed e-con e-parent\" data-id=\"356c72e5\" data-element_type=\"container\" data-e-type=\"container\">\n\t\t\t\t\t<div class=\"e-con-inner\">\n\t\t<div class=\"elementor-element elementor-element-39dc77c5 e-con-full e-flex e-con e-child\" data-id=\"39dc77c5\" data-element_type=\"container\" data-e-type=\"container\">\n\t\t<div class=\"elementor-element elementor-element-1536224 e-con-full elementor-hidden-tablet elementor-hidden-mobile e-flex e-con e-child\" data-id=\"1536224\" data-element_type=\"container\" data-e-type=\"container\">\n\t\t\t\t<\/div>\n\t\t<div class=\"elementor-element elementor-element-7706b763 e-con-full e-flex e-con e-child\" data-id=\"7706b763\" data-element_type=\"container\" data-e-type=\"container\">\n\t\t\t\t<div class=\"elementor-element elementor-element-3e819b27 elementor-widget__width-inherit elementor-widget elementor-widget-heading\" data-id=\"3e819b27\" data-element_type=\"widget\" data-e-type=\"widget\" data-widget_type=\"heading.default\">\n\t\t\t\t<div class=\"elementor-widget-container\">\n\t\t\t\t\t<h2 class=\"elementor-heading-title elementor-size-default\">Cr\u00e9ation de PME et d\u00e9veloppement des entreprises existantes<\/h2>\t\t\t\t<\/div>\n\t\t\t\t<\/div>\n\t\t\t\t<div class=\"elementor-element elementor-element-23c49cdc elementor-widget elementor-widget-text-editor\" data-id=\"23c49cdc\" data-element_type=\"widget\" data-e-type=\"widget\" data-widget_type=\"text-editor.default\">\n\t\t\t\t<div class=\"elementor-widget-container\">\n\t\t\t\t\t\t\t\t\t<p>Les PME sont majoritaires dans notre canton et jouent un r\u00f4le \u00e9conomique, social et environnemental important. Le PVL du canton de Fribourg soutient les entreprises qui assurent ces r\u00f4les de mani\u00e8re durable. Il s\u2019agit non seulement des entit\u00e9s existantes sur le territoire fribourgeois mais aussi celle qui souhaitent s\u2019y installer, ou y \u00eatre cr\u00e9\u00e9es. La durabilit\u00e9 doit \u00eatre \u00e9conomique, sociale et environnementale.<\/p>\n<p><strong>Durabilit\u00e9 \u00e9conomique<\/strong>. Notre Parti soutient tout d\u2019abord les entreprises avec un but \u00e9conomique et une mani\u00e8re de travailler durables. Nous encourageons ainsi la num\u00e9risation de leurs activit\u00e9s, gage d\u2019innovation, et la num\u00e9risation de leur mani\u00e8re de travailler pour fournir des prestations comp\u00e9titives.<\/p>\n<p><strong>Durabilit\u00e9 sociale<\/strong>. Nous soutenons tout d\u2019abord les entreprises qui s\u2019engagent dans la formation des apprentis, particuli\u00e8rement dans les m\u00e9tiers de la transition \u00e9cologique. Les r\u00e9seaux d\u2019entreprises formatrices y jouent un r\u00f4le important ; il s\u2019agit de mutualiser les ressources dans le domaine de la formation professionnelle, ce qui permet \u00e0 plusieurs petites entreprises de se regrouper pour former ensemble un apprenti. D\u2019un c\u00f4t\u00e9 les entreprises sont d\u00e9charg\u00e9es en grande partie de leur travail administratif et de l\u2019autre c\u00f4t\u00e9 les apprentis, en se formant aupr\u00e8s de diff\u00e9rentes entreprises, augmentent leurs comp\u00e9tences, leur exp\u00e9rience et leur employabilit\u00e9.<\/p>\n<p>Notre Parti d\u00e9fend \u00e9galement l\u2019\u00e9galit\u00e9 salariale qui n\u2019est pas encore une r\u00e9alit\u00e9. Nous soutenons les entreprises du canton \u00e0 effectuer une analyse de l\u2019\u00e9galit\u00e9 de leurs salaires \u00e0 l\u2019aide d\u2019un outil standard reconnu (p.ex. LOGIB).<\/p>\n<p>Enfin, nous d\u00e9fendons le temps partiel choisi et les emplois partag\u00e9s, les horaires flexibles, tant pour les hommes que pour les femmes, et ceci \u00e0 tous les \u00e9chelons hi\u00e9rarchiques.<\/p>\n<p><strong>Durabilit\u00e9 environnementale<\/strong>. Le PVL du canton de Fribourg encourage le travail \u00e0 distance et les espaces de coworking r\u00e9partis dans l\u2019ensemble du canton, qui permettent de r\u00e9duire le trafic quotidien et qui ont un impact positif sur la conciliation entre la vie priv\u00e9e et la vie professionnelle.<\/p>\n\t\t\t\t\t\t\t\t<\/div>\n\t\t\t\t<\/div>\n\t\t\t\t<div class=\"elementor-element elementor-element-5c00949d elementor-widget__width-inherit elementor-widget elementor-widget-spacer\" data-id=\"5c00949d\" data-element_type=\"widget\" data-e-type=\"widget\" data-widget_type=\"spacer.default\">\n\t\t\t\t<div class=\"elementor-widget-container\">\n\t\t\t\t\t\t\t<div class=\"elementor-spacer\">\n\t\t\t<div class=\"elementor-spacer-inner\"><\/div>\n\t\t<\/div>\n\t\t\t\t\t\t<\/div>\n\t\t\t\t<\/div>\n\t\t\t\t<\/div>\n\t\t\t\t<\/div>\n\t\t\t\t\t<\/div>\n\t\t\t\t<\/div>\n\t\t<div class=\"elementor-element elementor-element-f373c81 e-flex e-con-boxed e-con e-parent\" data-id=\"f373c81\" data-element_type=\"container\" data-e-type=\"container\">\n\t\t\t\t\t<div class=\"e-con-inner\">\n\t\t<div class=\"elementor-element elementor-element-9dd57f0 e-con-full e-flex e-con e-child\" data-id=\"9dd57f0\" data-element_type=\"container\" data-e-type=\"container\">\n\t\t<div class=\"elementor-element elementor-element-358a853 e-con-full elementor-hidden-tablet elementor-hidden-mobile e-flex e-con e-child\" data-id=\"358a853\" data-element_type=\"container\" data-e-type=\"container\">\n\t\t\t\t<\/div>\n\t\t<div class=\"elementor-element elementor-element-19c79a9 e-con-full e-flex e-con e-child\" data-id=\"19c79a9\" data-element_type=\"container\" data-e-type=\"container\">\n\t\t\t\t<div class=\"elementor-element elementor-element-879a7f5 elementor-widget__width-inherit elementor-widget elementor-widget-heading\" data-id=\"879a7f5\" data-element_type=\"widget\" data-e-type=\"widget\" data-widget_type=\"heading.default\">\n\t\t\t\t<div class=\"elementor-widget-container\">\n\t\t\t\t\t<h2 class=\"elementor-heading-title elementor-size-default\">Activit\u00e9s touristiques attractives et responsables<\/h2>\t\t\t\t<\/div>\n\t\t\t\t<\/div>\n\t\t\t\t<div class=\"elementor-element elementor-element-f66332b elementor-widget elementor-widget-text-editor\" data-id=\"f66332b\" data-element_type=\"widget\" data-e-type=\"widget\" data-widget_type=\"text-editor.default\">\n\t\t\t\t<div class=\"elementor-widget-container\">\n\t\t\t\t\t\t\t\t\t<p>Le canton de Fribourg compte de nombreux sites naturels de qualit\u00e9 qu\u2019il peut mettre en avant. Les activit\u00e9s ext\u00e9rieures ont le vent en poupe et le canton peut proposer de nombreuses activit\u00e9s \u00e0 faible impact sur la nature pour r\u00e9pondre \u00e0 cette demande.<\/p>\n<p>Le PVL du canton de Fribourg encourage donc les collectivit\u00e9s \u00e0 mettre l\u2019accent sur les activit\u00e9s de loisirs ext\u00e9rieures en ma\u00eetrisant l\u2019impact \u00e9cologique. Dans ce cadre, notre Parti soutient notamment par exemple le balisage des itin\u00e9raires p\u00e9destres ou \u00e0 v\u00e9los. Nous soutenons \u00e9galement l\u2019am\u00e9nagement des bords de lacs et rivi\u00e8res avec de constructions \u00e9cologiques qui respectent la faune et la flore. Ces lieux doivent \u00eatre am\u00e9nag\u00e9s en priorit\u00e9 pour un acc\u00e8s en transports publics avant d\u2019envisager des parkings automobiles.<\/p>\n<p>Conscient du r\u00e9chauffement climatique dont les effets ne pourront \u00eatre att\u00e9nu\u00e9s qu\u2019\u00e0 long terme, le PVL du canton de Fribourg estime \u00e9galement indispensable de soutenir une diversification des activit\u00e9s touristiques hivernales, consid\u00e9rant que la pratique du ski alpins sera certainement contrainte de se r\u00e9duire dans le canton.<\/p>\n\t\t\t\t\t\t\t\t<\/div>\n\t\t\t\t<\/div>\n\t\t\t\t<\/div>\n\t\t\t\t<\/div>\n\t\t\t\t\t<\/div>\n\t\t\t\t<\/div>\n\t\t<div class=\"elementor-element elementor-element-992378b e-flex e-con-boxed e-con e-parent\" data-id=\"992378b\" data-element_type=\"container\" data-e-type=\"container\">\n\t\t\t\t\t<div class=\"e-con-inner\">\n\t\t<div class=\"elementor-element elementor-element-9d9ae3f e-con-full e-flex e-con e-child\" data-id=\"9d9ae3f\" data-element_type=\"container\" data-e-type=\"container\">\n\t\t<div class=\"elementor-element elementor-element-1482c8b e-con-full elementor-hidden-tablet elementor-hidden-mobile e-flex e-con e-child\" data-id=\"1482c8b\" data-element_type=\"container\" data-e-type=\"container\">\n\t\t\t\t<\/div>\n\t\t<div class=\"elementor-element elementor-element-79b97ef e-con-full e-flex e-con e-child\" data-id=\"79b97ef\" data-element_type=\"container\" data-e-type=\"container\">\n\t\t\t\t<div class=\"elementor-element elementor-element-97a71f6 elementor-widget__width-inherit elementor-widget elementor-widget-heading\" data-id=\"97a71f6\" data-element_type=\"widget\" data-e-type=\"widget\" data-widget_type=\"heading.default\">\n\t\t\t\t<div class=\"elementor-widget-container\">\n\t\t\t\t\t<h2 class=\"elementor-heading-title elementor-size-default\">Transparence et objectivit\u00e9 lors de l\u2019attribution des mandats et march\u00e9s publics<\/h2>\t\t\t\t<\/div>\n\t\t\t\t<\/div>\n\t\t\t\t<div class=\"elementor-element elementor-element-93f0b54 elementor-widget elementor-widget-text-editor\" data-id=\"93f0b54\" data-element_type=\"widget\" data-e-type=\"widget\" data-widget_type=\"text-editor.default\">\n\t\t\t\t<div class=\"elementor-widget-container\">\n\t\t\t\t\t\t\t\t\t<p>La gouvernance de l\u2019Etat de Fribourg se base sur un syst\u00e8me de milice qui pr\u00e9sente des avantages d\u00e9mocratiques ind\u00e9niables. Toutefois, le risque de conflits d\u2019int\u00e9r\u00eats entre les pouvoirs publics et les priv\u00e9s existe. Le PVL du canton de Fribourg est d\u2019avis qu\u2019il est important de renforcer les conditions cadre pour garantir une transparence absolue lors de l\u2019attribution des mandats et des march\u00e9s publics. Dans ce domaine, notre Parti estime par ailleurs que la g\u00e9n\u00e9ralisation de commissions est essentielle pour \u00e9viter la responsabilit\u00e9 d\u2019une seule personne et pour assurer une prise en compte de tous les int\u00e9r\u00eats publics en jeu.<\/p>\n\t\t\t\t\t\t\t\t<\/div>\n\t\t\t\t<\/div>\n\t\t\t\t<\/div>\n\t\t\t\t<\/div>\n\t\t\t\t\t<\/div>\n\t\t\t\t<\/div>\n\t\t<div class=\"elementor-element elementor-element-15eb6a3 e-flex e-con-boxed e-con e-child\" data-id=\"15eb6a3\" data-element_type=\"container\" data-e-type=\"container\">\n\t\t\t\t\t<div class=\"e-con-inner\">\n\t\t<div class=\"elementor-element elementor-element-632f0fd1 e-con-full e-flex e-con e-child\" data-id=\"632f0fd1\" data-element_type=\"container\" data-e-type=\"container\">\n\t\t<div class=\"elementor-element elementor-element-730cea26 e-con-full elementor-hidden-tablet elementor-hidden-mobile e-flex e-con e-child\" data-id=\"730cea26\" data-element_type=\"container\" data-e-type=\"container\">\n\t\t\t\t<\/div>\n\t\t<div class=\"elementor-element elementor-element-13901707 e-con-full e-flex e-con e-child\" data-id=\"13901707\" data-element_type=\"container\" data-e-type=\"container\">\n\t\t<div class=\"elementor-element elementor-element-2da8ae84 e-con-full e-flex e-con e-child\" data-id=\"2da8ae84\" data-element_type=\"container\" data-e-type=\"container\">\n\t\t\t\t<div class=\"elementor-element elementor-element-75674196 elementor-widget elementor-widget-image\" data-id=\"75674196\" data-element_type=\"widget\" data-e-type=\"widget\" data-widget_type=\"image.default\">\n\t\t\t\t<div class=\"elementor-widget-container\">\n\t\t\t\t\t\t\t\t\t\t\t\t\t\t\t<img fetchpriority=\"high\" decoding=\"async\" width=\"1280\" height=\"854\" src=\"https:\/\/fr.bi.glpch2.dev\/wp-content\/uploads\/sites\/8\/2025\/03\/money-2696219_1280.jpg\" class=\"attachment-full size-full wp-image-25265\" alt=\"\u00e9conomie PVL Fribourg GLP Freiburg\" srcset=\"https:\/\/fr.bi.glpch2.dev\/wp-content\/uploads\/sites\/8\/2025\/03\/money-2696219_1280.jpg 1280w, https:\/\/fr.bi.glpch2.dev\/wp-content\/uploads\/sites\/8\/2025\/03\/money-2696219_1280-300x200.jpg 300w, https:\/\/fr.bi.glpch2.dev\/wp-content\/uploads\/sites\/8\/2025\/03\/money-2696219_1280-1024x683.jpg 1024w, https:\/\/fr.bi.glpch2.dev\/wp-content\/uploads\/sites\/8\/2025\/03\/money-2696219_1280-768x512.jpg 768w\" sizes=\"(max-width: 1280px) 100vw, 1280px\" \/>\t\t\t\t\t\t\t\t\t\t\t\t\t\t\t<\/div>\n\t\t\t\t<\/div>\n\t\t\t\t<\/div>\n\t\t\t\t<\/div>\n\t\t\t\t<\/div>\n\t\t\t\t\t<\/div>\n\t\t\t\t<\/div>\n\t\t\t\t<\/div>\n\t\t","protected":false},"excerpt":{"rendered":"<p>Politique \u00c9CONOMIE Le courage d\u2019agir pour l&rsquo;\u00e9conomie Le PVL du canton de Fribourg, convaincu de l\u2019importance d\u2019une \u00e9conomie forte, profitable \u00e0 toutes et tous, identifie trois domaines importants. Cr\u00e9ation de PME et d\u00e9veloppement des entreprises existantes Les PME sont majoritaires dans notre canton et jouent un r\u00f4le \u00e9conomique, social et environnemental important. Le PVL du [&hellip;]<\/p>\n","protected":false},"author":12,"featured_media":25273,"parent":16432,"menu_order":0,"comment_status":"closed","ping_status":"closed","template":"","meta":{"footnotes":""},"class_list":["post-25246","page","type-page","status-publish","has-post-thumbnail","hentry"],"_links":{"self":[{"href":"https:\/\/fr.bi.glpch2.dev\/fr\/wp-json\/wp\/v2\/pages\/25246","targetHints":{"allow":["GET"]}}],"collection":[{"href":"https:\/\/fr.bi.glpch2.dev\/fr\/wp-json\/wp\/v2\/pages"}],"about":[{"href":"https:\/\/fr.bi.glpch2.dev\/fr\/wp-json\/wp\/v2\/types\/page"}],"author":[{"embeddable":true,"href":"https:\/\/fr.bi.glpch2.dev\/fr\/wp-json\/wp\/v2\/users\/12"}],"replies":[{"embeddable":true,"href":"https:\/\/fr.bi.glpch2.dev\/fr\/wp-json\/wp\/v2\/comments?post=25246"}],"version-history":[{"count":0,"href":"https:\/\/fr.bi.glpch2.dev\/fr\/wp-json\/wp\/v2\/pages\/25246\/revisions"}],"up":[{"embeddable":true,"href":"https:\/\/fr.bi.glpch2.dev\/fr\/wp-json\/wp\/v2\/pages\/16432"}],"wp:featuredmedia":[{"embeddable":true,"href":"https:\/\/fr.bi.glpch2.dev\/fr\/wp-json\/wp\/v2\/media\/25273"}],"wp:attachment":[{"href":"https:\/\/fr.bi.glpch2.dev\/fr\/wp-json\/wp\/v2\/media?parent=25246"}],"curies":[{"name":"wp","href":"https:\/\/api.w.org\/{rel}","templated":true}]}}