{"id":16432,"date":"2024-08-27T14:41:03","date_gmt":"2024-08-27T12:41:03","guid":{"rendered":"https:\/\/fr.bi.glpch2.dev\/politique\/themes\/"},"modified":"2025-06-01T15:45:15","modified_gmt":"2025-06-01T13:45:15","slug":"themes","status":"publish","type":"page","link":"https:\/\/fr.bi.glpch2.dev\/fr\/themes\/","title":{"rendered":"Nos lignes directrices"},"content":{"rendered":"\t\t<div data-elementor-type=\"wp-page\" data-elementor-id=\"16432\" class=\"elementor elementor-16432 elementor-10303\" data-elementor-post-type=\"page\">\n\t\t\t\t<div class=\"elementor-element elementor-element-394df4df e-con-full e-flex e-con e-parent\" data-id=\"394df4df\" data-element_type=\"container\" data-e-type=\"container\">\n\t\t<div class=\"elementor-element elementor-element-7999ac0d e-con-full e-flex e-con e-child\" data-id=\"7999ac0d\" data-element_type=\"container\" data-e-type=\"container\" data-settings=\"{&quot;background_background&quot;:&quot;classic&quot;}\">\n\t\t\t\t<\/div>\n\t\t<div class=\"elementor-element elementor-element-37226583 e-flex e-con-boxed e-con e-child\" data-id=\"37226583\" data-element_type=\"container\" data-e-type=\"container\">\n\t\t\t\t\t<div class=\"e-con-inner\">\n\t\t<div class=\"elementor-element elementor-element-782ff587 e-con-full e-flex e-con e-child\" data-id=\"782ff587\" data-element_type=\"container\" data-e-type=\"container\">\n\t\t<div class=\"elementor-element elementor-element-6cff942d e-con-full e-flex e-con e-child\" data-id=\"6cff942d\" data-element_type=\"container\" data-e-type=\"container\">\n\t\t\t\t<div class=\"elementor-element elementor-element-d67d878 elementor-widget elementor-widget-heading\" data-id=\"d67d878\" data-element_type=\"widget\" data-e-type=\"widget\" data-widget_type=\"heading.default\">\n\t\t\t\t<div class=\"elementor-widget-container\">\n\t\t\t\t\t<h1 class=\"elementor-heading-title elementor-size-default\">Le courage d\u2019agir<\/h1>\t\t\t\t<\/div>\n\t\t\t\t<\/div>\n\t\t\t\t<div class=\"elementor-element elementor-element-565b01d8 elementor-hidden-mobile elementor-widget elementor-widget-heading\" data-id=\"565b01d8\" data-element_type=\"widget\" data-e-type=\"widget\" data-widget_type=\"heading.default\">\n\t\t\t\t<div class=\"elementor-widget-container\">\n\t\t\t\t\t<h2 class=\"elementor-heading-title elementor-size-default\">Notre vision pour une Suisse durable et innovante<\/h2>\t\t\t\t<\/div>\n\t\t\t\t<\/div>\n\t\t\t\t<div class=\"elementor-element elementor-element-2b532012 elementor-widget elementor-widget-spacer\" data-id=\"2b532012\" data-element_type=\"widget\" data-e-type=\"widget\" data-widget_type=\"spacer.default\">\n\t\t\t\t<div class=\"elementor-widget-container\">\n\t\t\t\t\t\t\t<div class=\"elementor-spacer\">\n\t\t\t<div class=\"elementor-spacer-inner\"><\/div>\n\t\t<\/div>\n\t\t\t\t\t\t<\/div>\n\t\t\t\t<\/div>\n\t\t\t\t<div class=\"elementor-element elementor-element-69a9749a elementor-widget elementor-widget-text-editor\" data-id=\"69a9749a\" data-element_type=\"widget\" data-e-type=\"widget\" data-widget_type=\"text-editor.default\">\n\t\t\t\t<div class=\"elementor-widget-container\">\n\t\t\t\t\t\t\t\t\t<p>Le but de ce document est de pr\u00e9senter les lignes directrices du Parti vert\u2019lib\u00e9ral (PVL) du canton de Fribourg. Ces lignes directrices pr\u00e9cisent et compl\u00e8tent, au niveau cantonal, la politique men\u00e9e par les Vert\u2019lib\u00e9raux au niveau national ; elles ne traitent donc pas les th\u00e8mes qui rel\u00e8vent majoritairement du parti national mais se concentrent sur les th\u00e8mes cantonaux.<br \/>Les lignes directrices ont tout d\u2019abord pour objectif de guider l\u2019action politique des membres du PVL, qu\u2019ils agissent au niveau cantonal ou communal, au sein d\u2019un organe du Parti, comme \u00e9lu ou simplement en tant que membre engag\u00e9. Elles doivent servir de r\u00e9f\u00e9rence g\u00e9n\u00e9rale \u00e0 toute action et ne repr\u00e9sentent ainsi pas une liste close de mesures particuli\u00e8res \u00e0 mettre en \u0153uvre. Le but n\u2019est pas d\u2019exposer exhaustivement la position du PVL sur chaque th\u00e8me politique mais plut\u00f4t de pr\u00e9senter quels sont les th\u00e8mes prioritaires pour le Parti, avec la ligne retenue.<\/p>\n\t\t\t\t\t\t\t\t<\/div>\n\t\t\t\t<\/div>\n\t\t\t\t<\/div>\n\t\t\t\t<\/div>\n\t\t\t\t\t<\/div>\n\t\t\t\t<\/div>\n\t\t\t\t<\/div>\n\t\t<div class=\"elementor-element elementor-element-79aea8f6 e-flex e-con-boxed e-con e-parent\" data-id=\"79aea8f6\" data-element_type=\"container\" data-e-type=\"container\" data-settings=\"{&quot;background_background&quot;:&quot;classic&quot;}\">\n\t\t\t\t\t<div class=\"e-con-inner\">\n\t\t<div class=\"elementor-element elementor-element-12e0690c e-flex e-con-boxed e-con e-child\" data-id=\"12e0690c\" data-element_type=\"container\" data-e-type=\"container\">\n\t\t\t\t\t<div class=\"e-con-inner\">\n\t\t\t\t<div class=\"elementor-element elementor-element-4a9e8be2 elementor-widget elementor-widget-heading\" data-id=\"4a9e8be2\" data-element_type=\"widget\" data-e-type=\"widget\" data-widget_type=\"heading.default\">\n\t\t\t\t<div class=\"elementor-widget-container\">\n\t\t\t\t\t<h1 class=\"elementor-heading-title elementor-size-default\">ENVIRONNEMENT<\/h1>\t\t\t\t<\/div>\n\t\t\t\t<\/div>\n\t\t\t\t<div class=\"elementor-element elementor-element-623d7fa5 elementor-widget__width-initial elementor-widget elementor-widget-text-editor\" data-id=\"623d7fa5\" data-element_type=\"widget\" data-e-type=\"widget\" data-widget_type=\"text-editor.default\">\n\t\t\t\t<div class=\"elementor-widget-container\">\n\t\t\t\t\t\t\t\t\t<p>En mati\u00e8re d\u2019environnement, le PVL du canton de Fribourg s\u2019engage dans 5 domaines prioritaires (cf. ci-dessous), avec une approche positive et incitative, bas\u00e9e sur les progr\u00e8s technologiques accomplis et \u00e0 venir, plut\u00f4t qu\u2019une approche restrictive de d\u00e9croissance.<\/p>\n\t\t\t\t\t\t\t\t<\/div>\n\t\t\t\t<\/div>\n\t\t\t\t<div class=\"elementor-element elementor-element-7496446b elementor-widget elementor-widget-spacer\" data-id=\"7496446b\" data-element_type=\"widget\" data-e-type=\"widget\" data-widget_type=\"spacer.default\">\n\t\t\t\t<div class=\"elementor-widget-container\">\n\t\t\t\t\t\t\t<div class=\"elementor-spacer\">\n\t\t\t<div class=\"elementor-spacer-inner\"><\/div>\n\t\t<\/div>\n\t\t\t\t\t\t<\/div>\n\t\t\t\t<\/div>\n\t\t\t\t<div class=\"elementor-element elementor-element-47c4f9a elementor-mobile-align-justify elementor-widget elementor-widget-button\" data-id=\"47c4f9a\" data-element_type=\"widget\" data-e-type=\"widget\" data-widget_type=\"button.default\">\n\t\t\t\t<div class=\"elementor-widget-container\">\n\t\t\t\t\t\t\t\t\t<div class=\"elementor-button-wrapper\">\n\t\t\t\t\t<a class=\"elementor-button elementor-button-link elementor-size-sm\" href=\"https:\/\/fr.bi.glpch2.dev\/fr\/themes\/societe-moderne\/\">\n\t\t\t\t\t\t<span class=\"elementor-button-content-wrapper\">\n\t\t\t\t\t\t\t\t\t<span class=\"elementor-button-text\">En savoir plus<\/span>\n\t\t\t\t\t<\/span>\n\t\t\t\t\t<\/a>\n\t\t\t\t<\/div>\n\t\t\t\t\t\t\t\t<\/div>\n\t\t\t\t<\/div>\n\t\t\t\t\t<\/div>\n\t\t\t\t<\/div>\n\t\t<a class=\"elementor-element elementor-element-690e75b4 e-flex e-con-boxed e-con e-child\" data-id=\"690e75b4\" data-element_type=\"container\" data-e-type=\"container\" data-settings=\"{&quot;background_background&quot;:&quot;classic&quot;}\">\n\t\t\t\t\t<div class=\"e-con-inner\">\n\t\t\t\t<div class=\"elementor-element elementor-element-143898a3 elementor-widget elementor-widget-image\" data-id=\"143898a3\" data-element_type=\"widget\" data-e-type=\"widget\" data-widget_type=\"image.default\">\n\t\t\t\t<div class=\"elementor-widget-container\">\n\t\t\t\t\t\t\t\t\t\t\t\t\t\t\t<img fetchpriority=\"high\" decoding=\"async\" width=\"1280\" height=\"854\" src=\"https:\/\/fr.bi.glpch2.dev\/wp-content\/uploads\/sites\/8\/2025\/03\/plume-2428666_1280.jpg\" class=\"attachment-full size-full wp-image-25254\" alt=\"Environnement PVL Fribourg GLP Freiburg\" srcset=\"https:\/\/fr.bi.glpch2.dev\/wp-content\/uploads\/sites\/8\/2025\/03\/plume-2428666_1280.jpg 1280w, https:\/\/fr.bi.glpch2.dev\/wp-content\/uploads\/sites\/8\/2025\/03\/plume-2428666_1280-300x200.jpg 300w, https:\/\/fr.bi.glpch2.dev\/wp-content\/uploads\/sites\/8\/2025\/03\/plume-2428666_1280-1024x683.jpg 1024w, https:\/\/fr.bi.glpch2.dev\/wp-content\/uploads\/sites\/8\/2025\/03\/plume-2428666_1280-768x512.jpg 768w\" sizes=\"(max-width: 1280px) 100vw, 1280px\" \/>\t\t\t\t\t\t\t\t\t\t\t\t\t\t\t<\/div>\n\t\t\t\t<\/div>\n\t\t\t\t\t<\/div>\n\t\t\t\t<\/a>\n\t\t\t\t\t<\/div>\n\t\t\t\t<\/div>\n\t\t<div class=\"elementor-element elementor-element-5aa46896 e-flex e-con-boxed e-con e-parent\" data-id=\"5aa46896\" data-element_type=\"container\" data-e-type=\"container\">\n\t\t\t\t\t<div class=\"e-con-inner\">\n\t\t<div class=\"elementor-element elementor-element-347e3788 e-con-full e-flex e-con e-child\" data-id=\"347e3788\" data-element_type=\"container\" data-e-type=\"container\">\n\t\t\t\t<div class=\"elementor-element elementor-element-5522d116 elementor-widget__width-initial elementor-widget elementor-widget-image\" data-id=\"5522d116\" data-element_type=\"widget\" data-e-type=\"widget\" data-widget_type=\"image.default\">\n\t\t\t\t<div class=\"elementor-widget-container\">\n\t\t\t\t\t\t\t\t\t\t\t\t\t\t\t<img decoding=\"async\" width=\"1280\" height=\"790\" data-src=\"https:\/\/fr.bi.glpch2.dev\/wp-content\/uploads\/sites\/8\/2025\/03\/arrangement-2264812_1280.jpg\" class=\"attachment-full size-full wp-image-25273 lazyload\" alt=\"\u00e9conomie PVL Fribourg GLP Freiburg\" data-srcset=\"https:\/\/fr.bi.glpch2.dev\/wp-content\/uploads\/sites\/8\/2025\/03\/arrangement-2264812_1280.jpg 1280w, https:\/\/fr.bi.glpch2.dev\/wp-content\/uploads\/sites\/8\/2025\/03\/arrangement-2264812_1280-300x185.jpg 300w, https:\/\/fr.bi.glpch2.dev\/wp-content\/uploads\/sites\/8\/2025\/03\/arrangement-2264812_1280-1024x632.jpg 1024w, https:\/\/fr.bi.glpch2.dev\/wp-content\/uploads\/sites\/8\/2025\/03\/arrangement-2264812_1280-768x474.jpg 768w\" data-sizes=\"(max-width: 1280px) 100vw, 1280px\" src=\"data:image\/svg+xml;base64,PHN2ZyB3aWR0aD0iMSIgaGVpZ2h0PSIxIiB4bWxucz0iaHR0cDovL3d3dy53My5vcmcvMjAwMC9zdmciPjwvc3ZnPg==\" style=\"--smush-placeholder-width: 1280px; --smush-placeholder-aspect-ratio: 1280\/790;\" \/>\t\t\t\t\t\t\t\t\t\t\t\t\t\t\t<\/div>\n\t\t\t\t<\/div>\n\t\t\t\t<\/div>\n\t\t<div class=\"elementor-element elementor-element-676073b2 e-con-full e-flex e-con e-child\" data-id=\"676073b2\" data-element_type=\"container\" data-e-type=\"container\">\n\t\t\t\t<div class=\"elementor-element elementor-element-180261da elementor-widget elementor-widget-heading\" data-id=\"180261da\" data-element_type=\"widget\" data-e-type=\"widget\" data-widget_type=\"heading.default\">\n\t\t\t\t<div class=\"elementor-widget-container\">\n\t\t\t\t\t<h1 class=\"elementor-heading-title elementor-size-default\">\u00c9CONOMIE<\/h1>\t\t\t\t<\/div>\n\t\t\t\t<\/div>\n\t\t\t\t<div class=\"elementor-element elementor-element-5583e68b elementor-widget__width-initial elementor-widget elementor-widget-text-editor\" data-id=\"5583e68b\" data-element_type=\"widget\" data-e-type=\"widget\" data-widget_type=\"text-editor.default\">\n\t\t\t\t<div class=\"elementor-widget-container\">\n\t\t\t\t\t\t\t\t\t<p>Le PVL du canton de Fribourg, convaincu de l\u2019importance d\u2019une \u00e9conomie forte, profitable \u00e0 toutes et tous, identifie trois domaines importants.<\/p>\n\t\t\t\t\t\t\t\t<\/div>\n\t\t\t\t<\/div>\n\t\t\t\t<div class=\"elementor-element elementor-element-398c2cd elementor-widget elementor-widget-spacer\" data-id=\"398c2cd\" data-element_type=\"widget\" data-e-type=\"widget\" data-widget_type=\"spacer.default\">\n\t\t\t\t<div class=\"elementor-widget-container\">\n\t\t\t\t\t\t\t<div class=\"elementor-spacer\">\n\t\t\t<div class=\"elementor-spacer-inner\"><\/div>\n\t\t<\/div>\n\t\t\t\t\t\t<\/div>\n\t\t\t\t<\/div>\n\t\t\t\t<div class=\"elementor-element elementor-element-3171bad6 elementor-mobile-align-justify elementor-widget elementor-widget-button\" data-id=\"3171bad6\" data-element_type=\"widget\" data-e-type=\"widget\" data-widget_type=\"button.default\">\n\t\t\t\t<div class=\"elementor-widget-container\">\n\t\t\t\t\t\t\t\t\t<div class=\"elementor-button-wrapper\">\n\t\t\t\t\t<a class=\"elementor-button elementor-button-link elementor-size-sm\" href=\"https:\/\/fr.bi.glpch2.dev\/fr\/themes\/theme-b\/\">\n\t\t\t\t\t\t<span class=\"elementor-button-content-wrapper\">\n\t\t\t\t\t\t\t\t\t<span class=\"elementor-button-text\">En savoir plus<\/span>\n\t\t\t\t\t<\/span>\n\t\t\t\t\t<\/a>\n\t\t\t\t<\/div>\n\t\t\t\t\t\t\t\t<\/div>\n\t\t\t\t<\/div>\n\t\t\t\t<\/div>\n\t\t\t\t\t<\/div>\n\t\t\t\t<\/div>\n\t\t<div class=\"elementor-element elementor-element-5ffd05f e-flex e-con-boxed e-con e-parent\" data-id=\"5ffd05f\" data-element_type=\"container\" data-e-type=\"container\" data-settings=\"{&quot;background_background&quot;:&quot;classic&quot;}\">\n\t\t\t\t\t<div class=\"e-con-inner\">\n\t\t<div class=\"elementor-element elementor-element-0d38661 e-flex e-con-boxed e-con e-child\" data-id=\"0d38661\" data-element_type=\"container\" data-e-type=\"container\">\n\t\t\t\t\t<div class=\"e-con-inner\">\n\t\t\t\t<div class=\"elementor-element elementor-element-f10c4d4 elementor-widget elementor-widget-heading\" data-id=\"f10c4d4\" data-element_type=\"widget\" data-e-type=\"widget\" data-widget_type=\"heading.default\">\n\t\t\t\t<div class=\"elementor-widget-container\">\n\t\t\t\t\t<h1 class=\"elementor-heading-title elementor-size-default\">\u00c9TAT ET SOCI\u00c9T\u00c9<\/h1>\t\t\t\t<\/div>\n\t\t\t\t<\/div>\n\t\t\t\t<div class=\"elementor-element elementor-element-b233c69 elementor-widget__width-initial elementor-widget elementor-widget-text-editor\" data-id=\"b233c69\" data-element_type=\"widget\" data-e-type=\"widget\" data-widget_type=\"text-editor.default\">\n\t\t\t\t<div class=\"elementor-widget-container\">\n\t\t\t\t\t\t\t\t\t<p>Le PVL du canton de Fribourg estime que l\u2019Etat doit engager ses ressources prioritairement lorsqu\u2019il s\u2019agit des domaines suivants, qui repr\u00e9sentent un int\u00e9r\u00eat g\u00e9n\u00e9ral.<\/p>\n\t\t\t\t\t\t\t\t<\/div>\n\t\t\t\t<\/div>\n\t\t\t\t<div class=\"elementor-element elementor-element-17505ca elementor-widget elementor-widget-spacer\" data-id=\"17505ca\" data-element_type=\"widget\" data-e-type=\"widget\" data-widget_type=\"spacer.default\">\n\t\t\t\t<div class=\"elementor-widget-container\">\n\t\t\t\t\t\t\t<div class=\"elementor-spacer\">\n\t\t\t<div class=\"elementor-spacer-inner\"><\/div>\n\t\t<\/div>\n\t\t\t\t\t\t<\/div>\n\t\t\t\t<\/div>\n\t\t\t\t<div class=\"elementor-element elementor-element-a174c60 elementor-mobile-align-justify elementor-widget elementor-widget-button\" data-id=\"a174c60\" data-element_type=\"widget\" data-e-type=\"widget\" data-widget_type=\"button.default\">\n\t\t\t\t<div class=\"elementor-widget-container\">\n\t\t\t\t\t\t\t\t\t<div class=\"elementor-button-wrapper\">\n\t\t\t\t\t<a class=\"elementor-button elementor-button-link elementor-size-sm\" href=\"https:\/\/fr.bi.glpch2.dev\/fr\/themes\/education-recherche-et-innovation\/\">\n\t\t\t\t\t\t<span class=\"elementor-button-content-wrapper\">\n\t\t\t\t\t\t\t\t\t<span class=\"elementor-button-text\">En savoir plus<\/span>\n\t\t\t\t\t<\/span>\n\t\t\t\t\t<\/a>\n\t\t\t\t<\/div>\n\t\t\t\t\t\t\t\t<\/div>\n\t\t\t\t<\/div>\n\t\t\t\t\t<\/div>\n\t\t\t\t<\/div>\n\t\t<a class=\"elementor-element elementor-element-662b47a e-flex e-con-boxed e-con e-child\" data-id=\"662b47a\" data-element_type=\"container\" data-e-type=\"container\" data-settings=\"{&quot;background_background&quot;:&quot;classic&quot;}\">\n\t\t\t\t\t<div class=\"e-con-inner\">\n\t\t\t\t<div class=\"elementor-element elementor-element-222c45c elementor-widget elementor-widget-image\" data-id=\"222c45c\" data-element_type=\"widget\" data-e-type=\"widget\" data-widget_type=\"image.default\">\n\t\t\t\t<div class=\"elementor-widget-container\">\n\t\t\t\t\t\t\t\t\t\t\t\t\t\t\t<img decoding=\"async\" width=\"1280\" height=\"850\" data-src=\"https:\/\/fr.bi.glpch2.dev\/wp-content\/uploads\/sites\/8\/2025\/03\/children-4526384_1280.jpg\" class=\"attachment-full size-full wp-image-25280 lazyload\" alt=\"\u00e9ducation PVL Fribourg GLP Freiburg\" data-srcset=\"https:\/\/fr.bi.glpch2.dev\/wp-content\/uploads\/sites\/8\/2025\/03\/children-4526384_1280.jpg 1280w, https:\/\/fr.bi.glpch2.dev\/wp-content\/uploads\/sites\/8\/2025\/03\/children-4526384_1280-300x199.jpg 300w, https:\/\/fr.bi.glpch2.dev\/wp-content\/uploads\/sites\/8\/2025\/03\/children-4526384_1280-1024x680.jpg 1024w, https:\/\/fr.bi.glpch2.dev\/wp-content\/uploads\/sites\/8\/2025\/03\/children-4526384_1280-768x510.jpg 768w\" data-sizes=\"(max-width: 1280px) 100vw, 1280px\" src=\"data:image\/svg+xml;base64,PHN2ZyB3aWR0aD0iMSIgaGVpZ2h0PSIxIiB4bWxucz0iaHR0cDovL3d3dy53My5vcmcvMjAwMC9zdmciPjwvc3ZnPg==\" style=\"--smush-placeholder-width: 1280px; --smush-placeholder-aspect-ratio: 1280\/850;\" \/>\t\t\t\t\t\t\t\t\t\t\t\t\t\t\t<\/div>\n\t\t\t\t<\/div>\n\t\t\t\t\t<\/div>\n\t\t\t\t<\/a>\n\t\t\t\t\t<\/div>\n\t\t\t\t<\/div>\n\t\t\t\t<\/div>\n\t\t","protected":false},"excerpt":{"rendered":"<p>Le courage d\u2019agir Notre vision pour une Suisse durable et innovante Le but de ce document est de pr\u00e9senter les lignes directrices du Parti vert\u2019lib\u00e9ral (PVL) du canton de Fribourg. Ces lignes directrices pr\u00e9cisent et compl\u00e8tent, au niveau cantonal, la politique men\u00e9e par les Vert\u2019lib\u00e9raux au niveau national ; elles ne traitent donc pas les [&hellip;]<\/p>\n","protected":false},"author":1,"featured_media":0,"parent":0,"menu_order":0,"comment_status":"closed","ping_status":"closed","template":"","meta":{"footnotes":""},"class_list":["post-16432","page","type-page","status-publish","hentry"],"_links":{"self":[{"href":"https:\/\/fr.bi.glpch2.dev\/fr\/wp-json\/wp\/v2\/pages\/16432","targetHints":{"allow":["GET"]}}],"collection":[{"href":"https:\/\/fr.bi.glpch2.dev\/fr\/wp-json\/wp\/v2\/pages"}],"about":[{"href":"https:\/\/fr.bi.glpch2.dev\/fr\/wp-json\/wp\/v2\/types\/page"}],"author":[{"embeddable":true,"href":"https:\/\/fr.bi.glpch2.dev\/fr\/wp-json\/wp\/v2\/users\/1"}],"replies":[{"embeddable":true,"href":"https:\/\/fr.bi.glpch2.dev\/fr\/wp-json\/wp\/v2\/comments?post=16432"}],"version-history":[{"count":0,"href":"https:\/\/fr.bi.glpch2.dev\/fr\/wp-json\/wp\/v2\/pages\/16432\/revisions"}],"wp:attachment":[{"href":"https:\/\/fr.bi.glpch2.dev\/fr\/wp-json\/wp\/v2\/media?parent=16432"}],"curies":[{"name":"wp","href":"https:\/\/api.w.org\/{rel}","templated":true}]}}