{"id":16256,"date":"2024-09-02T14:23:45","date_gmt":"2024-09-02T12:23:45","guid":{"rendered":"https:\/\/fr.bi.glpch2.dev\/education-recherche-et-innovation\/"},"modified":"2025-06-01T15:45:12","modified_gmt":"2025-06-01T13:45:12","slug":"etat-societe","status":"publish","type":"page","link":"https:\/\/fr.bi.glpch2.dev\/fr\/themes\/etat-societe\/","title":{"rendered":"\u00c9TAT ET SOCI\u00c9T\u00c9"},"content":{"rendered":"\t\t<div data-elementor-type=\"wp-page\" data-elementor-id=\"16256\" class=\"elementor elementor-16256 elementor-11669\" data-elementor-post-type=\"page\">\n\t\t\t\t<div class=\"elementor-element elementor-element-196683a2 e-con-full e-flex e-con e-parent\" data-id=\"196683a2\" data-element_type=\"container\" data-e-type=\"container\">\n\t\t<div class=\"elementor-element elementor-element-6f993978 e-con-full e-flex e-con e-child\" data-id=\"6f993978\" data-element_type=\"container\" data-e-type=\"container\" data-settings=\"{&quot;background_background&quot;:&quot;classic&quot;}\">\n\t\t\t\t<\/div>\n\t\t<div class=\"elementor-element elementor-element-6a7d1e9b e-flex e-con-boxed e-con e-child\" data-id=\"6a7d1e9b\" data-element_type=\"container\" data-e-type=\"container\">\n\t\t\t\t\t<div class=\"e-con-inner\">\n\t\t<div class=\"elementor-element elementor-element-192d2081 e-flex e-con-boxed e-con e-child\" data-id=\"192d2081\" data-element_type=\"container\" data-e-type=\"container\">\n\t\t\t\t\t<div class=\"e-con-inner\">\n\t\t\t\t<div class=\"elementor-element elementor-element-29ec204b elementor-widget elementor-widget-jet-breadcrumbs\" data-id=\"29ec204b\" data-element_type=\"widget\" data-e-type=\"widget\" data-widget_type=\"jet-breadcrumbs.default\">\n\t\t\t\t<div class=\"elementor-widget-container\">\n\t\t\t\t\t<div class=\"elementor-jet-breadcrumbs jet-blocks\">\n\t\t<div class=\"jet-breadcrumbs\">\n\t\t<div class=\"jet-breadcrumbs__content\">\n\t\t<div class=\"jet-breadcrumbs__wrap\"><div class=\"jet-breadcrumbs__item\"><a href=\"https:\/\/fr.bi.glpch2.dev\/fr\/\" class=\"jet-breadcrumbs__item-link is-home\" rel=\"home\" title=\"\">  <\/a><\/div>\n\t\t<\/div>\n\t\t<\/div>\n\t\t<\/div><\/div>\t\t\t\t<\/div>\n\t\t\t\t<\/div>\n\t\t\t\t\t<\/div>\n\t\t\t\t<\/div>\n\t\t<div class=\"elementor-element elementor-element-203ec1ca e-con-full e-flex e-con e-child\" data-id=\"203ec1ca\" data-element_type=\"container\" data-e-type=\"container\">\n\t\t<div class=\"elementor-element elementor-element-3b8c85f6 e-con-full e-flex e-con e-child\" data-id=\"3b8c85f6\" data-element_type=\"container\" data-e-type=\"container\">\n\t\t\t\t<div class=\"elementor-element elementor-element-4b61d21f elementor-widget elementor-widget-heading\" data-id=\"4b61d21f\" data-element_type=\"widget\" data-e-type=\"widget\" data-widget_type=\"heading.default\">\n\t\t\t\t<div class=\"elementor-widget-container\">\n\t\t\t\t\t<h2 class=\"elementor-heading-title elementor-size-default\">Politique<\/h2>\t\t\t\t<\/div>\n\t\t\t\t<\/div>\n\t\t\t\t<\/div>\n\t\t<div class=\"elementor-element elementor-element-57ee2305 e-con-full e-flex e-con e-child\" data-id=\"57ee2305\" data-element_type=\"container\" data-e-type=\"container\">\n\t\t\t\t<div class=\"elementor-element elementor-element-16bffa5a elementor-widget elementor-widget-heading\" data-id=\"16bffa5a\" data-element_type=\"widget\" data-e-type=\"widget\" data-widget_type=\"heading.default\">\n\t\t\t\t<div class=\"elementor-widget-container\">\n\t\t\t\t\t<h1 class=\"elementor-heading-title elementor-size-default\">\u00c9TAT ET SOCI\u00c9T\u00c9<\/h1>\t\t\t\t<\/div>\n\t\t\t\t<\/div>\n\t\t\t\t<div class=\"elementor-element elementor-element-344f9f80 elementor-hidden-mobile elementor-widget elementor-widget-heading\" data-id=\"344f9f80\" data-element_type=\"widget\" data-e-type=\"widget\" data-widget_type=\"heading.default\">\n\t\t\t\t<div class=\"elementor-widget-container\">\n\t\t\t\t\t<h2 class=\"elementor-heading-title elementor-size-default\">Le courage d\u2019agir pour l\u2019\u00e9tat et la soci\u00e9t\u00e9<\/h2>\t\t\t\t<\/div>\n\t\t\t\t<\/div>\n\t\t\t\t<div class=\"elementor-element elementor-element-46b01c0a elementor-widget elementor-widget-spacer\" data-id=\"46b01c0a\" data-element_type=\"widget\" data-e-type=\"widget\" data-widget_type=\"spacer.default\">\n\t\t\t\t<div class=\"elementor-widget-container\">\n\t\t\t\t\t\t\t<div class=\"elementor-spacer\">\n\t\t\t<div class=\"elementor-spacer-inner\"><\/div>\n\t\t<\/div>\n\t\t\t\t\t\t<\/div>\n\t\t\t\t<\/div>\n\t\t\t\t<div class=\"elementor-element elementor-element-2ffd7c98 elementor-widget elementor-widget-text-editor\" data-id=\"2ffd7c98\" data-element_type=\"widget\" data-e-type=\"widget\" data-widget_type=\"text-editor.default\">\n\t\t\t\t<div class=\"elementor-widget-container\">\n\t\t\t\t\t\t\t\t\t<p>Le PVL du canton de Fribourg estime que l\u2019Etat doit engager ses ressources prioritairement lorsqu\u2019il s\u2019agit des domaines suivants, qui repr\u00e9sentent un int\u00e9r\u00eat g\u00e9n\u00e9ral.<\/p>\n\t\t\t\t\t\t\t\t<\/div>\n\t\t\t\t<\/div>\n\t\t\t\t<\/div>\n\t\t\t\t<\/div>\n\t\t\t\t\t<\/div>\n\t\t\t\t<\/div>\n\t\t\t\t<\/div>\n\t\t<div class=\"elementor-element elementor-element-2636cd49 e-flex e-con-boxed e-con e-parent\" data-id=\"2636cd49\" data-element_type=\"container\" data-e-type=\"container\">\n\t\t\t\t\t<div class=\"e-con-inner\">\n\t\t<div class=\"elementor-element elementor-element-63264995 e-con-full e-flex e-con e-child\" data-id=\"63264995\" data-element_type=\"container\" data-e-type=\"container\">\n\t\t<div class=\"elementor-element elementor-element-40a4c2ad e-con-full elementor-hidden-tablet elementor-hidden-mobile e-flex e-con e-child\" data-id=\"40a4c2ad\" data-element_type=\"container\" data-e-type=\"container\">\n\t\t\t\t<\/div>\n\t\t<div class=\"elementor-element elementor-element-57cea8fb e-con-full e-flex e-con e-child\" data-id=\"57cea8fb\" data-element_type=\"container\" data-e-type=\"container\">\n\t\t\t\t<div class=\"elementor-element elementor-element-31554fa2 elementor-widget__width-inherit elementor-widget elementor-widget-heading\" data-id=\"31554fa2\" data-element_type=\"widget\" data-e-type=\"widget\" data-widget_type=\"heading.default\">\n\t\t\t\t<div class=\"elementor-widget-container\">\n\t\t\t\t\t<h2 class=\"elementor-heading-title elementor-size-default\">Formation<\/h2>\t\t\t\t<\/div>\n\t\t\t\t<\/div>\n\t\t\t\t<div class=\"elementor-element elementor-element-5fb2d3e2 elementor-widget elementor-widget-text-editor\" data-id=\"5fb2d3e2\" data-element_type=\"widget\" data-e-type=\"widget\" data-widget_type=\"text-editor.default\">\n\t\t\t\t<div class=\"elementor-widget-container\">\n\t\t\t\t\t\t\t\t\t<p>L\u2019\u00e9ducation, la formation et la recherche jouent un r\u00f4le fondamental pour le d\u00e9veloppement \u00e9conomique, social et environnemental durable et harmonieux de notre soci\u00e9t\u00e9. Dans ces domaines, notre canton b\u00e9n\u00e9ficie d\u2019atouts incontestables : une d\u00e9mographie jeune, une \u00e9cole primaire de qualit\u00e9, des entreprises qui jouent le jeu de la formation duale \u2013 mod\u00e8le \u00e9prouv\u00e9 et reconnu pour sa capacit\u00e9 \u00e0 d\u00e9velopper des formations professionnelles en ad\u00e9quation avec les besoins de l\u2019\u00e9conomie \u2013 et des hautes \u00e9coles, dont l\u2019excellence est reconnue, bien int\u00e9gr\u00e9es dans l\u2019\u00e9cosyst\u00e8me local par le biais notamment des collaborations avec les parcs technologiques et les entreprises de notre canton.<\/p>\n<p>Le PVL du canton de Fribourg s\u2019engage \u00e0 d\u00e9velopper nos hautes \u00e9coles, \u00e0 ouvrir leurs portes au plus grand nombre gr\u00e2ce aux passerelles et \u00e0 encourager les liens de ces \u00e9coles avec le monde \u00e9conomique. Notre canton doit entretenir et d\u00e9velopper les parcs technologiques, qui sont des lieux permettant la collaboration entre les hautes \u00e9coles, les start-ups et les entreprises \u00e9tablies. Le r\u00f4le de l\u2019Etat est ici de planifier et de mettre des infrastructures \u00e0 disposition. Nous souhaitons d\u00e9velopper la formation des nouveaux m\u00e9tiers li\u00e9s \u00e0 la transition \u00e9cologique sous toutes les facettes et surtout avec une approche non genr\u00e9e ; les jeunes filles doivent \u00eatre incit\u00e9es \u00e0 s\u2019int\u00e9resser \u00e0 ces domaines.<\/p>\n<p>Le PVL du canton de Fribourg s\u2019engage \u00e9galement particuli\u00e8rement pour le bilinguisme. En effet, dans un pays plurilingue comme la Suisse, la connaissance d\u2019une deuxi\u00e8me langue nationale est primordiale. Notre canton \u00e0 la chance d\u2019\u00eatre un canton bilingue et nous devons en tirer profit en d\u00e9fendant un bilinguisme pragmatique. Pour ce faire, nous souhaitons simplifier et intensifier les \u00e9changes linguistiques, et ce \u00e0 tous les niveaux de formation, y compris la formation professionnelle.<\/p>\n<p>Finalement, notre Parti s\u2019engage en faveur d\u2019une maitrise des outils num\u00e9riques par tous, d\u00e8s l\u2019\u00e9cole primaire, dans toute la population, pour tous les groupes sociaux, y compris les g\u00e9n\u00e9rations plus \u00e2g\u00e9es.<\/p>\n\t\t\t\t\t\t\t\t<\/div>\n\t\t\t\t<\/div>\n\t\t\t\t<\/div>\n\t\t\t\t<\/div>\n\t\t\t\t\t<\/div>\n\t\t\t\t<\/div>\n\t\t<div class=\"elementor-element elementor-element-127a2d0 e-flex e-con-boxed e-con e-parent\" data-id=\"127a2d0\" data-element_type=\"container\" data-e-type=\"container\">\n\t\t\t\t\t<div class=\"e-con-inner\">\n\t\t<div class=\"elementor-element elementor-element-493485a e-con-full e-flex e-con e-child\" data-id=\"493485a\" data-element_type=\"container\" data-e-type=\"container\">\n\t\t<div class=\"elementor-element elementor-element-38bae14 e-con-full elementor-hidden-tablet elementor-hidden-mobile e-flex e-con e-child\" data-id=\"38bae14\" data-element_type=\"container\" data-e-type=\"container\">\n\t\t\t\t<\/div>\n\t\t<div class=\"elementor-element elementor-element-d521b97 e-con-full e-flex e-con e-child\" data-id=\"d521b97\" data-element_type=\"container\" data-e-type=\"container\">\n\t\t\t\t<div class=\"elementor-element elementor-element-7ca4eb3 elementor-widget__width-inherit elementor-widget elementor-widget-heading\" data-id=\"7ca4eb3\" data-element_type=\"widget\" data-e-type=\"widget\" data-widget_type=\"heading.default\">\n\t\t\t\t<div class=\"elementor-widget-container\">\n\t\t\t\t\t<h2 class=\"elementor-heading-title elementor-size-default\">Syst\u00e8me de soins<\/h2>\t\t\t\t<\/div>\n\t\t\t\t<\/div>\n\t\t\t\t<div class=\"elementor-element elementor-element-065b9b4 elementor-widget elementor-widget-text-editor\" data-id=\"065b9b4\" data-element_type=\"widget\" data-e-type=\"widget\" data-widget_type=\"text-editor.default\">\n\t\t\t\t<div class=\"elementor-widget-container\">\n\t\t\t\t\t\t\t\t\t<p>La complexification des soins hospitaliers et la hausse des co\u00fbts de la sant\u00e9 repr\u00e9sentent un d\u00e9fi consid\u00e9rable pour les pouvoirs publics. En effet, il y a d\u2019un c\u00f4t\u00e9 la volont\u00e9 l\u00e9gitime de toute personne \u00e0 pouvoir disposer de soins ad\u00e9quats \u00e0 proximit\u00e9 de son domicile et d\u2019un autre la contrainte des co\u00fbts qui y sont li\u00e9s. De plus, afin d\u2019attirer les meilleurs sp\u00e9cialistes et obtenir la masse critique n\u00e9cessaire pour \u00e9viter des pertes financi\u00e8res importantes, les h\u00f4pitaux sont contraints \u00e0 une forme de concentration. Il en r\u00e9sulte la fermeture totale ou partielle de centres de soins r\u00e9gionaux. Le PVL du canton de Fribourg d\u00e9fend le maintien de sites r\u00e9gionaux capables de fournir \u00e0 la population locale des soins de base, avec le traitement des cas n\u00e9cessitant des soins particuliers dans le cadre d\u2019une infrastructure centralis\u00e9e efficiente.<\/p>\n\t\t\t\t\t\t\t\t<\/div>\n\t\t\t\t<\/div>\n\t\t\t\t<div class=\"elementor-element elementor-element-de6f4da elementor-widget__width-inherit elementor-widget elementor-widget-spacer\" data-id=\"de6f4da\" data-element_type=\"widget\" data-e-type=\"widget\" data-widget_type=\"spacer.default\">\n\t\t\t\t<div class=\"elementor-widget-container\">\n\t\t\t\t\t\t\t<div class=\"elementor-spacer\">\n\t\t\t<div class=\"elementor-spacer-inner\"><\/div>\n\t\t<\/div>\n\t\t\t\t\t\t<\/div>\n\t\t\t\t<\/div>\n\t\t\t\t<\/div>\n\t\t\t\t<\/div>\n\t\t\t\t\t<\/div>\n\t\t\t\t<\/div>\n\t\t<div class=\"elementor-element elementor-element-1ab8336 e-flex e-con-boxed e-con e-parent\" data-id=\"1ab8336\" data-element_type=\"container\" data-e-type=\"container\">\n\t\t\t\t\t<div class=\"e-con-inner\">\n\t\t<div class=\"elementor-element elementor-element-4f7b9e9 e-con-full e-flex e-con e-child\" data-id=\"4f7b9e9\" data-element_type=\"container\" data-e-type=\"container\">\n\t\t<div class=\"elementor-element elementor-element-b4163bc e-con-full elementor-hidden-tablet elementor-hidden-mobile e-flex e-con e-child\" data-id=\"b4163bc\" data-element_type=\"container\" data-e-type=\"container\">\n\t\t\t\t<\/div>\n\t\t<div class=\"elementor-element elementor-element-ea96482 e-con-full e-flex e-con e-child\" data-id=\"ea96482\" data-element_type=\"container\" data-e-type=\"container\">\n\t\t\t\t<div class=\"elementor-element elementor-element-dd2d1f0 elementor-widget__width-inherit elementor-widget elementor-widget-heading\" data-id=\"dd2d1f0\" data-element_type=\"widget\" data-e-type=\"widget\" data-widget_type=\"heading.default\">\n\t\t\t\t<div class=\"elementor-widget-container\">\n\t\t\t\t\t<h2 class=\"elementor-heading-title elementor-size-default\">Infrastructure informatique<\/h2>\t\t\t\t<\/div>\n\t\t\t\t<\/div>\n\t\t\t\t<div class=\"elementor-element elementor-element-d0b88fc elementor-widget elementor-widget-text-editor\" data-id=\"d0b88fc\" data-element_type=\"widget\" data-e-type=\"widget\" data-widget_type=\"text-editor.default\">\n\t\t\t\t<div class=\"elementor-widget-container\">\n\t\t\t\t\t\t\t\t\t<p>Le Parti vert\u2019lib\u00e9ral du canton de Fribourg croit en l\u2019importance de la num\u00e9risation. Les t\u00e2ches administratives aupr\u00e8s de l\u2019Etat doivent, autant que possible, pouvoir \u00eatre accomplies de mani\u00e8re informatique \u00e0 distance avec la garantie d\u2019un strict respect de la confidentialit\u00e9 des donn\u00e9es trait\u00e9es. L\u2019\u00e9ducation doit aussi l\u2019int\u00e9grer, l\u00e0 o\u00f9 c\u2019est judicieux, afin que les futures g\u00e9n\u00e9rations ma\u00eetrisent les outils informatiques, mais qu\u2019elles sachent aussi se prot\u00e9ger des dangers qui l\u2019accompagnent. Nous portons une attention particuli\u00e8re \u00e0 ce que l\u2019infrastructure de l\u2019\u00e9tat garantisse le contr\u00f4le, la s\u00e9curit\u00e9, la confidentialit\u00e9 et la disponibilit\u00e9 des donn\u00e9es et services.<\/p>\n\t\t\t\t\t\t\t\t<\/div>\n\t\t\t\t<\/div>\n\t\t\t\t<div class=\"elementor-element elementor-element-534bcab elementor-widget__width-inherit elementor-widget elementor-widget-spacer\" data-id=\"534bcab\" data-element_type=\"widget\" data-e-type=\"widget\" data-widget_type=\"spacer.default\">\n\t\t\t\t<div class=\"elementor-widget-container\">\n\t\t\t\t\t\t\t<div class=\"elementor-spacer\">\n\t\t\t<div class=\"elementor-spacer-inner\"><\/div>\n\t\t<\/div>\n\t\t\t\t\t\t<\/div>\n\t\t\t\t<\/div>\n\t\t\t\t<\/div>\n\t\t\t\t<\/div>\n\t\t\t\t\t<\/div>\n\t\t\t\t<\/div>\n\t\t<div class=\"elementor-element elementor-element-3cc24a2 e-flex e-con-boxed e-con e-parent\" data-id=\"3cc24a2\" data-element_type=\"container\" data-e-type=\"container\">\n\t\t\t\t\t<div class=\"e-con-inner\">\n\t\t<div class=\"elementor-element elementor-element-f0cbb96 e-con-full e-flex e-con e-child\" data-id=\"f0cbb96\" data-element_type=\"container\" data-e-type=\"container\">\n\t\t<div class=\"elementor-element elementor-element-1d4179a e-con-full elementor-hidden-tablet elementor-hidden-mobile e-flex e-con e-child\" data-id=\"1d4179a\" data-element_type=\"container\" data-e-type=\"container\">\n\t\t\t\t<\/div>\n\t\t<div class=\"elementor-element elementor-element-6306631 e-con-full e-flex e-con e-child\" data-id=\"6306631\" data-element_type=\"container\" data-e-type=\"container\">\n\t\t\t\t<div class=\"elementor-element elementor-element-f5ee711 elementor-widget__width-inherit elementor-widget elementor-widget-heading\" data-id=\"f5ee711\" data-element_type=\"widget\" data-e-type=\"widget\" data-widget_type=\"heading.default\">\n\t\t\t\t<div class=\"elementor-widget-container\">\n\t\t\t\t\t<h2 class=\"elementor-heading-title elementor-size-default\">Accueil extra-scolaire et petite enfance<\/h2>\t\t\t\t<\/div>\n\t\t\t\t<\/div>\n\t\t\t\t<div class=\"elementor-element elementor-element-8194862 elementor-widget elementor-widget-text-editor\" data-id=\"8194862\" data-element_type=\"widget\" data-e-type=\"widget\" data-widget_type=\"text-editor.default\">\n\t\t\t\t<div class=\"elementor-widget-container\">\n\t\t\t\t\t\t\t\t\t<p>La garde des enfants rel\u00e8ve encore souvent de la seule responsabilit\u00e9 personnelle des parents. Cette responsabilit\u00e9 est couramment assum\u00e9e par la m\u00e8re qui doit mettre de nombreuses ann\u00e9es \u00e0 disposition de sa famille, r\u00e9guli\u00e8rement au d\u00e9triment de sa carri\u00e8re, avec souvent des cons\u00e9quences importantes notamment pour sa retraite. Les possibilit\u00e9s de garde existent, mais sont tr\u00e8s souvent limit\u00e9es ou ch\u00e8res. Alors que l\u2019accueil des enfants (cr\u00e8che, apr\u00e8s l\u2019\u00e9cole ou la cantine \u00e0 midi) est souvent facilit\u00e9 dans de nombreux cantons et communes en Suisse, la situation est difficile dans le canton de Fribourg. Notre Parti estime que ce n\u2019est pas acceptable et souhaite am\u00e9liorer l\u2019accueil extra-scolaire et de la petite enfance pour contribuer \u00e0 une plus grande \u00e9galit\u00e9 entre les hommes et les femmes ainsi qu\u2019\u00e0 une disponibilit\u00e9 de ressources humaines form\u00e9es pour l\u2019\u00e9conomie.<\/p>\n\t\t\t\t\t\t\t\t<\/div>\n\t\t\t\t<\/div>\n\t\t\t\t<div class=\"elementor-element elementor-element-eee39f3 elementor-widget__width-inherit elementor-widget elementor-widget-spacer\" data-id=\"eee39f3\" data-element_type=\"widget\" data-e-type=\"widget\" data-widget_type=\"spacer.default\">\n\t\t\t\t<div class=\"elementor-widget-container\">\n\t\t\t\t\t\t\t<div class=\"elementor-spacer\">\n\t\t\t<div class=\"elementor-spacer-inner\"><\/div>\n\t\t<\/div>\n\t\t\t\t\t\t<\/div>\n\t\t\t\t<\/div>\n\t\t\t\t<\/div>\n\t\t\t\t<\/div>\n\t\t\t\t\t<\/div>\n\t\t\t\t<\/div>\n\t\t<div class=\"elementor-element elementor-element-d23e2a5 e-flex e-con-boxed e-con e-parent\" data-id=\"d23e2a5\" data-element_type=\"container\" data-e-type=\"container\">\n\t\t\t\t\t<div class=\"e-con-inner\">\n\t\t<div class=\"elementor-element elementor-element-841fd08 e-con-full e-flex e-con e-child\" data-id=\"841fd08\" data-element_type=\"container\" data-e-type=\"container\">\n\t\t<div class=\"elementor-element elementor-element-def0c31 e-con-full elementor-hidden-tablet elementor-hidden-mobile e-flex e-con e-child\" data-id=\"def0c31\" data-element_type=\"container\" data-e-type=\"container\">\n\t\t\t\t<\/div>\n\t\t<div class=\"elementor-element elementor-element-47d96e3 e-con-full e-flex e-con e-child\" data-id=\"47d96e3\" data-element_type=\"container\" data-e-type=\"container\">\n\t\t\t\t<div class=\"elementor-element elementor-element-52bf7f3 elementor-widget__width-inherit elementor-widget elementor-widget-heading\" data-id=\"52bf7f3\" data-element_type=\"widget\" data-e-type=\"widget\" data-widget_type=\"heading.default\">\n\t\t\t\t<div class=\"elementor-widget-container\">\n\t\t\t\t\t<h2 class=\"elementor-heading-title elementor-size-default\">Culture<\/h2>\t\t\t\t<\/div>\n\t\t\t\t<\/div>\n\t\t\t\t<div class=\"elementor-element elementor-element-c09b95f elementor-widget elementor-widget-text-editor\" data-id=\"c09b95f\" data-element_type=\"widget\" data-e-type=\"widget\" data-widget_type=\"text-editor.default\">\n\t\t\t\t<div class=\"elementor-widget-container\">\n\t\t\t\t\t\t\t\t\t<p>La culture, comprise tant comme ce qui d\u00e9finit une soci\u00e9t\u00e9 que comme les arts au sens large, est importante pour le PVL du canton de Fribourg. Elle contribue ind\u00e9niablement au bien-\u00eatre g\u00e9n\u00e9ral de la population locale et \u00e0 une vie locale forte. Notre Parti souhaite que les collectivit\u00e9s publiques soutiennent les \u00e9v\u00e9nements culturels locaux, pour une population large et vari\u00e9e, dont l\u2019organisation se fait en respectant l\u2019environnement au sens large.<\/p>\n\t\t\t\t\t\t\t\t<\/div>\n\t\t\t\t<\/div>\n\t\t\t\t<div class=\"elementor-element elementor-element-ab58982 elementor-widget__width-inherit elementor-widget elementor-widget-spacer\" data-id=\"ab58982\" data-element_type=\"widget\" data-e-type=\"widget\" data-widget_type=\"spacer.default\">\n\t\t\t\t<div class=\"elementor-widget-container\">\n\t\t\t\t\t\t\t<div class=\"elementor-spacer\">\n\t\t\t<div class=\"elementor-spacer-inner\"><\/div>\n\t\t<\/div>\n\t\t\t\t\t\t<\/div>\n\t\t\t\t<\/div>\n\t\t\t\t<\/div>\n\t\t\t\t<\/div>\n\t\t\t\t\t<\/div>\n\t\t\t\t<\/div>\n\t\t<div class=\"elementor-element elementor-element-f3062a5 e-flex e-con-boxed e-con e-parent\" data-id=\"f3062a5\" data-element_type=\"container\" data-e-type=\"container\">\n\t\t\t\t\t<div class=\"e-con-inner\">\n\t\t<div class=\"elementor-element elementor-element-0e7aa55 e-con-full e-flex e-con e-child\" data-id=\"0e7aa55\" data-element_type=\"container\" data-e-type=\"container\">\n\t\t<div class=\"elementor-element elementor-element-2410353 e-con-full elementor-hidden-tablet elementor-hidden-mobile e-flex e-con e-child\" data-id=\"2410353\" data-element_type=\"container\" data-e-type=\"container\">\n\t\t\t\t<\/div>\n\t\t<div class=\"elementor-element elementor-element-b3008b0 e-con-full e-flex e-con e-child\" data-id=\"b3008b0\" data-element_type=\"container\" data-e-type=\"container\">\n\t\t\t\t<div class=\"elementor-element elementor-element-42cafda elementor-widget__width-inherit elementor-widget elementor-widget-heading\" data-id=\"42cafda\" data-element_type=\"widget\" data-e-type=\"widget\" data-widget_type=\"heading.default\">\n\t\t\t\t<div class=\"elementor-widget-container\">\n\t\t\t\t\t<h2 class=\"elementor-heading-title elementor-size-default\">Soci\u00e9t\u00e9 progressiste<\/h2>\t\t\t\t<\/div>\n\t\t\t\t<\/div>\n\t\t\t\t<div class=\"elementor-element elementor-element-081813f elementor-widget elementor-widget-text-editor\" data-id=\"081813f\" data-element_type=\"widget\" data-e-type=\"widget\" data-widget_type=\"text-editor.default\">\n\t\t\t\t<div class=\"elementor-widget-container\">\n\t\t\t\t\t\t\t\t\t<p>Le PVL du canton de Fribourg soutient toute mesure qui contribue \u00e0 une soci\u00e9t\u00e9 progressiste. Cela englobe l\u2019\u00e9galit\u00e9 entre hommes et femmes et entre tous les mod\u00e8les de vie et de famille, mais aussi l\u2019inclusion en favorisant la pleine participation et l\u2019autod\u00e9termination de chaque personne notamment en situation d\u2019handicap. Notre Parti s\u2019engage \u00e9galement activement dans la lutte contre les discriminations, qu\u2019elles soient en raison du genre, de la religion, de la nationalit\u00e9, de l\u2019orientation sexuelle ou autre.<\/p>\n<p>Nous militons aussi en faveur d\u2019une bonne conciliation entre la vie priv\u00e9e et la vie professionnelle notamment par le biais du temps partiel et du travail \u00e0 distance.<\/p>\n\t\t\t\t\t\t\t\t<\/div>\n\t\t\t\t<\/div>\n\t\t\t\t<div class=\"elementor-element elementor-element-4c2d100 elementor-widget__width-inherit elementor-widget elementor-widget-spacer\" data-id=\"4c2d100\" data-element_type=\"widget\" data-e-type=\"widget\" data-widget_type=\"spacer.default\">\n\t\t\t\t<div class=\"elementor-widget-container\">\n\t\t\t\t\t\t\t<div class=\"elementor-spacer\">\n\t\t\t<div class=\"elementor-spacer-inner\"><\/div>\n\t\t<\/div>\n\t\t\t\t\t\t<\/div>\n\t\t\t\t<\/div>\n\t\t\t\t<\/div>\n\t\t\t\t<\/div>\n\t\t\t\t\t<\/div>\n\t\t\t\t<\/div>\n\t\t<div class=\"elementor-element elementor-element-2ab0103d e-flex e-con-boxed e-con e-child\" data-id=\"2ab0103d\" data-element_type=\"container\" data-e-type=\"container\">\n\t\t\t\t\t<div class=\"e-con-inner\">\n\t\t<div class=\"elementor-element elementor-element-344a6274 e-con-full e-flex e-con e-child\" data-id=\"344a6274\" data-element_type=\"container\" data-e-type=\"container\">\n\t\t<div class=\"elementor-element elementor-element-37927ced e-con-full elementor-hidden-tablet elementor-hidden-mobile e-flex e-con e-child\" data-id=\"37927ced\" data-element_type=\"container\" data-e-type=\"container\">\n\t\t\t\t<\/div>\n\t\t<div class=\"elementor-element elementor-element-5045c6d1 e-con-full e-flex e-con e-child\" data-id=\"5045c6d1\" data-element_type=\"container\" data-e-type=\"container\">\n\t\t<div class=\"elementor-element elementor-element-45afd65c e-con-full e-flex e-con e-child\" data-id=\"45afd65c\" data-element_type=\"container\" data-e-type=\"container\">\n\t\t\t\t<div class=\"elementor-element elementor-element-4a7d2e3b elementor-widget elementor-widget-image\" data-id=\"4a7d2e3b\" data-element_type=\"widget\" data-e-type=\"widget\" data-widget_type=\"image.default\">\n\t\t\t\t<div class=\"elementor-widget-container\">\n\t\t\t\t\t\t\t\t\t\t\t\t\t\t\t<img fetchpriority=\"high\" decoding=\"async\" width=\"1280\" height=\"854\" src=\"https:\/\/fr.bi.glpch2.dev\/wp-content\/uploads\/sites\/8\/2025\/03\/treatment-4099432_1280.jpg\" class=\"attachment-full size-full wp-image-25282\" alt=\"soins PVL Fribourg GLP Freiburg\" srcset=\"https:\/\/fr.bi.glpch2.dev\/wp-content\/uploads\/sites\/8\/2025\/03\/treatment-4099432_1280.jpg 1280w, https:\/\/fr.bi.glpch2.dev\/wp-content\/uploads\/sites\/8\/2025\/03\/treatment-4099432_1280-300x200.jpg 300w, https:\/\/fr.bi.glpch2.dev\/wp-content\/uploads\/sites\/8\/2025\/03\/treatment-4099432_1280-1024x683.jpg 1024w, https:\/\/fr.bi.glpch2.dev\/wp-content\/uploads\/sites\/8\/2025\/03\/treatment-4099432_1280-768x512.jpg 768w\" sizes=\"(max-width: 1280px) 100vw, 1280px\" \/>\t\t\t\t\t\t\t\t\t\t\t\t\t\t\t<\/div>\n\t\t\t\t<\/div>\n\t\t\t\t<\/div>\n\t\t\t\t<\/div>\n\t\t\t\t<\/div>\n\t\t\t\t\t<\/div>\n\t\t\t\t<\/div>\n\t\t\t\t<\/div>\n\t\t","protected":false},"excerpt":{"rendered":"<p>Politique \u00c9TAT ET SOCI\u00c9T\u00c9 Le courage d\u2019agir pour l\u2019\u00e9tat et la soci\u00e9t\u00e9 Le PVL du canton de Fribourg estime que l\u2019Etat doit engager ses ressources prioritairement lorsqu\u2019il s\u2019agit des domaines suivants, qui repr\u00e9sentent un int\u00e9r\u00eat g\u00e9n\u00e9ral. Formation L\u2019\u00e9ducation, la formation et la recherche jouent un r\u00f4le fondamental pour le d\u00e9veloppement \u00e9conomique, social et environnemental durable [&hellip;]<\/p>\n","protected":false},"author":1,"featured_media":25280,"parent":16432,"menu_order":0,"comment_status":"closed","ping_status":"closed","template":"","meta":{"footnotes":""},"class_list":["post-16256","page","type-page","status-publish","has-post-thumbnail","hentry"],"_links":{"self":[{"href":"https:\/\/fr.bi.glpch2.dev\/fr\/wp-json\/wp\/v2\/pages\/16256","targetHints":{"allow":["GET"]}}],"collection":[{"href":"https:\/\/fr.bi.glpch2.dev\/fr\/wp-json\/wp\/v2\/pages"}],"about":[{"href":"https:\/\/fr.bi.glpch2.dev\/fr\/wp-json\/wp\/v2\/types\/page"}],"author":[{"embeddable":true,"href":"https:\/\/fr.bi.glpch2.dev\/fr\/wp-json\/wp\/v2\/users\/1"}],"replies":[{"embeddable":true,"href":"https:\/\/fr.bi.glpch2.dev\/fr\/wp-json\/wp\/v2\/comments?post=16256"}],"version-history":[{"count":0,"href":"https:\/\/fr.bi.glpch2.dev\/fr\/wp-json\/wp\/v2\/pages\/16256\/revisions"}],"up":[{"embeddable":true,"href":"https:\/\/fr.bi.glpch2.dev\/fr\/wp-json\/wp\/v2\/pages\/16432"}],"wp:featuredmedia":[{"embeddable":true,"href":"https:\/\/fr.bi.glpch2.dev\/fr\/wp-json\/wp\/v2\/media\/25280"}],"wp:attachment":[{"href":"https:\/\/fr.bi.glpch2.dev\/fr\/wp-json\/wp\/v2\/media?parent=16256"}],"curies":[{"name":"wp","href":"https:\/\/api.w.org\/{rel}","templated":true}]}}