{"id":16098,"date":"2024-09-01T18:25:13","date_gmt":"2024-09-01T16:25:13","guid":{"rendered":"https:\/\/fr.bi.glpch2.dev\/societe-moderne\/"},"modified":"2025-06-01T15:45:02","modified_gmt":"2025-06-01T13:45:02","slug":"environnement","status":"publish","type":"page","link":"https:\/\/fr.bi.glpch2.dev\/fr\/themes\/environnement\/","title":{"rendered":"ENVIRONNEMENT"},"content":{"rendered":"\t\t<div data-elementor-type=\"wp-page\" data-elementor-id=\"16098\" class=\"elementor elementor-16098 elementor-11134\" data-elementor-post-type=\"page\">\n\t\t\t\t<div class=\"elementor-element elementor-element-62bf200f e-con-full e-flex e-con e-parent\" data-id=\"62bf200f\" data-element_type=\"container\" data-e-type=\"container\">\n\t\t<div class=\"elementor-element elementor-element-2273fb61 e-con-full e-flex e-con e-child\" data-id=\"2273fb61\" data-element_type=\"container\" data-e-type=\"container\" data-settings=\"{&quot;background_background&quot;:&quot;classic&quot;}\">\n\t\t\t\t<\/div>\n\t\t<div class=\"elementor-element elementor-element-3745353 e-flex e-con-boxed e-con e-child\" data-id=\"3745353\" data-element_type=\"container\" data-e-type=\"container\">\n\t\t\t\t\t<div class=\"e-con-inner\">\n\t\t<div class=\"elementor-element elementor-element-34215a0 e-flex e-con-boxed e-con e-child\" data-id=\"34215a0\" data-element_type=\"container\" data-e-type=\"container\">\n\t\t\t\t\t<div class=\"e-con-inner\">\n\t\t\t\t<div class=\"elementor-element elementor-element-64d1467c elementor-widget elementor-widget-jet-breadcrumbs\" data-id=\"64d1467c\" data-element_type=\"widget\" data-e-type=\"widget\" data-widget_type=\"jet-breadcrumbs.default\">\n\t\t\t\t<div class=\"elementor-widget-container\">\n\t\t\t\t\t<div class=\"elementor-jet-breadcrumbs jet-blocks\">\n\t\t<div class=\"jet-breadcrumbs\">\n\t\t<div class=\"jet-breadcrumbs__content\">\n\t\t<div class=\"jet-breadcrumbs__wrap\"><div class=\"jet-breadcrumbs__item\"><a href=\"https:\/\/fr.bi.glpch2.dev\/fr\/\" class=\"jet-breadcrumbs__item-link is-home\" rel=\"home\" title=\"\">  <\/a><\/div>\n\t\t<\/div>\n\t\t<\/div>\n\t\t<\/div><\/div>\t\t\t\t<\/div>\n\t\t\t\t<\/div>\n\t\t\t\t\t<\/div>\n\t\t\t\t<\/div>\n\t\t<div class=\"elementor-element elementor-element-7b207c48 e-con-full e-flex e-con e-child\" data-id=\"7b207c48\" data-element_type=\"container\" data-e-type=\"container\">\n\t\t<div class=\"elementor-element elementor-element-36f6938 e-con-full e-flex e-con e-child\" data-id=\"36f6938\" data-element_type=\"container\" data-e-type=\"container\">\n\t\t\t\t<div class=\"elementor-element elementor-element-28be8f32 elementor-widget elementor-widget-heading\" data-id=\"28be8f32\" data-element_type=\"widget\" data-e-type=\"widget\" data-widget_type=\"heading.default\">\n\t\t\t\t<div class=\"elementor-widget-container\">\n\t\t\t\t\t<h2 class=\"elementor-heading-title elementor-size-default\">Politique<\/h2>\t\t\t\t<\/div>\n\t\t\t\t<\/div>\n\t\t\t\t<\/div>\n\t\t<div class=\"elementor-element elementor-element-62421e8b e-con-full e-flex e-con e-child\" data-id=\"62421e8b\" data-element_type=\"container\" data-e-type=\"container\">\n\t\t\t\t<div class=\"elementor-element elementor-element-132015a9 elementor-widget elementor-widget-heading\" data-id=\"132015a9\" data-element_type=\"widget\" data-e-type=\"widget\" data-widget_type=\"heading.default\">\n\t\t\t\t<div class=\"elementor-widget-container\">\n\t\t\t\t\t<h1 class=\"elementor-heading-title elementor-size-default\">ENVIRONNEMENT<\/h1>\t\t\t\t<\/div>\n\t\t\t\t<\/div>\n\t\t\t\t<div class=\"elementor-element elementor-element-158d05bb elementor-hidden-mobile elementor-widget elementor-widget-heading\" data-id=\"158d05bb\" data-element_type=\"widget\" data-e-type=\"widget\" data-widget_type=\"heading.default\">\n\t\t\t\t<div class=\"elementor-widget-container\">\n\t\t\t\t\t<h2 class=\"elementor-heading-title elementor-size-default\">Le courage d\u2019agir pour l'environnement<\/h2>\t\t\t\t<\/div>\n\t\t\t\t<\/div>\n\t\t\t\t<div class=\"elementor-element elementor-element-6a648371 elementor-widget elementor-widget-spacer\" data-id=\"6a648371\" data-element_type=\"widget\" data-e-type=\"widget\" data-widget_type=\"spacer.default\">\n\t\t\t\t<div class=\"elementor-widget-container\">\n\t\t\t\t\t\t\t<div class=\"elementor-spacer\">\n\t\t\t<div class=\"elementor-spacer-inner\"><\/div>\n\t\t<\/div>\n\t\t\t\t\t\t<\/div>\n\t\t\t\t<\/div>\n\t\t\t\t<div class=\"elementor-element elementor-element-50167e9e elementor-widget elementor-widget-text-editor\" data-id=\"50167e9e\" data-element_type=\"widget\" data-e-type=\"widget\" data-widget_type=\"text-editor.default\">\n\t\t\t\t<div class=\"elementor-widget-container\">\n\t\t\t\t\t\t\t\t\t<p>En mati\u00e8re d\u2019environnement, le PVL du canton de Fribourg s\u2019engage dans 5 domaines prioritaires (cf. ci-dessous), avec une approche positive et incitative, bas\u00e9e sur les progr\u00e8s technologiques accomplis et \u00e0 venir, plut\u00f4t qu\u2019une approche restrictive de d\u00e9croissance.<\/p>\n\t\t\t\t\t\t\t\t<\/div>\n\t\t\t\t<\/div>\n\t\t\t\t<\/div>\n\t\t\t\t<\/div>\n\t\t\t\t\t<\/div>\n\t\t\t\t<\/div>\n\t\t\t\t<\/div>\n\t\t<div class=\"elementor-element elementor-element-356c72e5 e-flex e-con-boxed e-con e-parent\" data-id=\"356c72e5\" data-element_type=\"container\" data-e-type=\"container\">\n\t\t\t\t\t<div class=\"e-con-inner\">\n\t\t<div class=\"elementor-element elementor-element-39dc77c5 e-con-full e-flex e-con e-child\" data-id=\"39dc77c5\" data-element_type=\"container\" data-e-type=\"container\">\n\t\t<div class=\"elementor-element elementor-element-1536224 e-con-full elementor-hidden-tablet elementor-hidden-mobile e-flex e-con e-child\" data-id=\"1536224\" data-element_type=\"container\" data-e-type=\"container\">\n\t\t\t\t<\/div>\n\t\t<div class=\"elementor-element elementor-element-7706b763 e-con-full e-flex e-con e-child\" data-id=\"7706b763\" data-element_type=\"container\" data-e-type=\"container\">\n\t\t\t\t<div class=\"elementor-element elementor-element-3e819b27 elementor-widget__width-inherit elementor-widget elementor-widget-heading\" data-id=\"3e819b27\" data-element_type=\"widget\" data-e-type=\"widget\" data-widget_type=\"heading.default\">\n\t\t\t\t<div class=\"elementor-widget-container\">\n\t\t\t\t\t<h2 class=\"elementor-heading-title elementor-size-default\">\u00c9nergie<\/h2>\t\t\t\t<\/div>\n\t\t\t\t<\/div>\n\t\t\t\t<div class=\"elementor-element elementor-element-23c49cdc elementor-widget elementor-widget-text-editor\" data-id=\"23c49cdc\" data-element_type=\"widget\" data-e-type=\"widget\" data-widget_type=\"text-editor.default\">\n\t\t\t\t<div class=\"elementor-widget-container\">\n\t\t\t\t\t\t\t\t\t<p>L\u2019\u00e9nergie, de mani\u00e8re g\u00e9n\u00e9rale, est n\u00e9cessaire pour presque toutes nos activit\u00e9s, que ce soit pour se loger, se d\u00e9placer, travailler, produire des biens, fournir des services, r\u00e9aliser des t\u00e2ches d\u2019int\u00e9r\u00eat g\u00e9n\u00e9ral ou tout simplement pour se divertir. L\u2019\u00e9nergie est donc importante non seulement de par son large spectre d\u2019utilisation mais aussi de par sa quantit\u00e9 consomm\u00e9e. Elle constitue ainsi un levier d\u2019action important pour la protection de l\u2019environnement. Il est par ailleurs possible d\u2019agir non seulement sur sa consommation, mais \u00e9galement sur la mani\u00e8re dont elle est produite.<\/p>\n<p>Dans ce cadre, le PVL d\u00e9fend les principes d\u2019une \u00e9nergie produite de mani\u00e8re propre, locale et utilis\u00e9e de mani\u00e8re efficiente. Ces principes sont particuli\u00e8rement importants en raison du d\u00e9r\u00e8glement climatique dont les cons\u00e9quences sont toujours plus importantes, mais aussi en raison du prix de l\u2019\u00e9nergie qui augmente dans un contexte g\u00e9opolitique global tendu.<\/p>\n<p>Plus concr\u00e8tement, notre Parti soutient, en ce qui concerne la production d\u2019\u00e9nergie, toute action \u00e9tatique administrative ou financi\u00e8re pour diversifier les sources d\u2019\u00e9nergies renouvelables, que ce soit par exemple pour augmenter dans notre canton les surfaces de panneaux photovolta\u00efques ou pr\u00e9voir des sites de production d\u2019\u00e9nergie \u00e9olienne, \u00e0 planifier de mani\u00e8re transparente. La diversification des sources d\u2019\u00e9nergie permettra de les rendre compl\u00e9mentaires et de contribuer \u00e0 une certaine ind\u00e9pendance, tout au long de l\u2019ann\u00e9e. En ce qui concerne la consommation d\u2019\u00e9nergie, notre Parti soutient toute mesure pour une utilisation efficiente de l\u2019\u00e9nergie ou, lorsque c\u2019est possible, une r\u00e9duction de la consommation.<\/p>\n\t\t\t\t\t\t\t\t<\/div>\n\t\t\t\t<\/div>\n\t\t\t\t<div class=\"elementor-element elementor-element-5c00949d elementor-widget__width-inherit elementor-widget elementor-widget-spacer\" data-id=\"5c00949d\" data-element_type=\"widget\" data-e-type=\"widget\" data-widget_type=\"spacer.default\">\n\t\t\t\t<div class=\"elementor-widget-container\">\n\t\t\t\t\t\t\t<div class=\"elementor-spacer\">\n\t\t\t<div class=\"elementor-spacer-inner\"><\/div>\n\t\t<\/div>\n\t\t\t\t\t\t<\/div>\n\t\t\t\t<\/div>\n\t\t\t\t<\/div>\n\t\t\t\t<\/div>\n\t\t\t\t\t<\/div>\n\t\t\t\t<\/div>\n\t\t<div class=\"elementor-element elementor-element-f373c81 e-flex e-con-boxed e-con e-parent\" data-id=\"f373c81\" data-element_type=\"container\" data-e-type=\"container\">\n\t\t\t\t\t<div class=\"e-con-inner\">\n\t\t<div class=\"elementor-element elementor-element-9dd57f0 e-con-full e-flex e-con e-child\" data-id=\"9dd57f0\" data-element_type=\"container\" data-e-type=\"container\">\n\t\t<div class=\"elementor-element elementor-element-358a853 e-con-full elementor-hidden-tablet elementor-hidden-mobile e-flex e-con e-child\" data-id=\"358a853\" data-element_type=\"container\" data-e-type=\"container\">\n\t\t\t\t<\/div>\n\t\t<div class=\"elementor-element elementor-element-19c79a9 e-con-full e-flex e-con e-child\" data-id=\"19c79a9\" data-element_type=\"container\" data-e-type=\"container\">\n\t\t\t\t<div class=\"elementor-element elementor-element-879a7f5 elementor-widget__width-inherit elementor-widget elementor-widget-heading\" data-id=\"879a7f5\" data-element_type=\"widget\" data-e-type=\"widget\" data-widget_type=\"heading.default\">\n\t\t\t\t<div class=\"elementor-widget-container\">\n\t\t\t\t\t<h2 class=\"elementor-heading-title elementor-size-default\">Mobilit\u00e9<\/h2>\t\t\t\t<\/div>\n\t\t\t\t<\/div>\n\t\t\t\t<div class=\"elementor-element elementor-element-f66332b elementor-widget elementor-widget-text-editor\" data-id=\"f66332b\" data-element_type=\"widget\" data-e-type=\"widget\" data-widget_type=\"text-editor.default\">\n\t\t\t\t<div class=\"elementor-widget-container\">\n\t\t\t\t\t\t\t\t\t<p>Les d\u00e9placements font partie int\u00e9grante de la vie de toutes et tous, que ce soit pour se rendre au travail, faire des achats, acc\u00e9der aux services publics ou priv\u00e9s, acc\u00e9der aux sites de loisirs, rencontrer sa famille et ses amis, etc. La mobilit\u00e9 a toutefois des cons\u00e9quences importantes, que ce soit en termes de consommation d\u2019\u00e9nergie, d\u2019\u00e9mission de CO2, de pollution atmosph\u00e9rique ou sonore, d\u2019am\u00e9nagement du territoire ou d\u2019infrastructure. La gestion de la mobilit\u00e9 est donc un d\u00e9fi consid\u00e9rable, particuli\u00e8rement dans le canton de Fribourg.<\/p>\n<p>Pour le PVL du canton de Fribourg, les efforts doivent \u00eatre mis sur un syst\u00e8me de transport public de qualit\u00e9, ce que soit en termes de r\u00e9seau ou de cadence. Il est important que les transports en commun puissent desservir le plus de lieux possibles, avec une fr\u00e9quence suffisante. La priorit\u00e9 doit \u00eatre mise sur les lieux les plus fr\u00e9quent\u00e9s, pour \u00eatre utile au plus grand nombre. Les transports publics doivent repr\u00e9senter une alternative cr\u00e9dible au transport individuel, que ce soit en mati\u00e8re de co\u00fbts ou de dur\u00e9e du trajet.<\/p>\n<p>Notre Parti estime \u00e9galement important de faciliter une bonne connexion entre les diff\u00e9rents transports. Il s\u2019agit par exemple d\u2019assurer des horaires fluides entre les diff\u00e9rents transports publics, p.ex. entre les bus r\u00e9gionaux et les trains interr\u00e9gionaux. L\u2019interconnexion entre les transports publics et priv\u00e9s doit \u00e9galement \u00eatre soutenues, notamment avec le d\u00e9veloppement de solutions du type P+R, pour encourager l\u2019usage des transports publics sur une partie du trajet, p. ex. \u00e0 l\u2019int\u00e9rieur des localit\u00e9s surcharg\u00e9es aux heures de pointe.<\/p>\n<p>Enfin, concernant la mobilit\u00e9 individuelle, nous estimons que la priorit\u00e9 doit \u00eatre donn\u00e9e aux v\u00e9hicules avec un faible impact environnemental. Il s\u2019agit avant tout des v\u00e9los, pour lesquels il est n\u00e9cessaire de pr\u00e9voir une infrastructure ad\u00e9quate, que ce soit en termes de voie de communication ou de stationnement. Dans une approche pragmatique, il s\u2019agit \u00e9galement d\u2019encourager une transition vers les voitures qui se d\u00e9placent sans motorisation thermique, notamment les voitures \u00e9lectriques et de pr\u00e9voir un d\u00e9veloppement du r\u00e9seau de bornes de recharges.<\/p>\n\t\t\t\t\t\t\t\t<\/div>\n\t\t\t\t<\/div>\n\t\t\t\t<\/div>\n\t\t\t\t<\/div>\n\t\t\t\t\t<\/div>\n\t\t\t\t<\/div>\n\t\t<div class=\"elementor-element elementor-element-992378b e-flex e-con-boxed e-con e-parent\" data-id=\"992378b\" data-element_type=\"container\" data-e-type=\"container\">\n\t\t\t\t\t<div class=\"e-con-inner\">\n\t\t<div class=\"elementor-element elementor-element-9d9ae3f e-con-full e-flex e-con e-child\" data-id=\"9d9ae3f\" data-element_type=\"container\" data-e-type=\"container\">\n\t\t<div class=\"elementor-element elementor-element-1482c8b e-con-full elementor-hidden-tablet elementor-hidden-mobile e-flex e-con e-child\" data-id=\"1482c8b\" data-element_type=\"container\" data-e-type=\"container\">\n\t\t\t\t<\/div>\n\t\t<div class=\"elementor-element elementor-element-79b97ef e-con-full e-flex e-con e-child\" data-id=\"79b97ef\" data-element_type=\"container\" data-e-type=\"container\">\n\t\t\t\t<div class=\"elementor-element elementor-element-97a71f6 elementor-widget__width-inherit elementor-widget elementor-widget-heading\" data-id=\"97a71f6\" data-element_type=\"widget\" data-e-type=\"widget\" data-widget_type=\"heading.default\">\n\t\t\t\t<div class=\"elementor-widget-container\">\n\t\t\t\t\t<h2 class=\"elementor-heading-title elementor-size-default\">Am\u00e9nagement du territoire et constructions de qualit\u00e9<\/h2>\t\t\t\t<\/div>\n\t\t\t\t<\/div>\n\t\t\t\t<div class=\"elementor-element elementor-element-93f0b54 elementor-widget elementor-widget-text-editor\" data-id=\"93f0b54\" data-element_type=\"widget\" data-e-type=\"widget\" data-widget_type=\"text-editor.default\">\n\t\t\t\t<div class=\"elementor-widget-container\">\n\t\t\t\t\t\t\t\t\t<p>Toutes nos activit\u00e9s n\u00e9cessitent directement ou indirectement une infrastructure avec une emprise au sol, que ce soit pour le logement, les activit\u00e9s commerciales ou industrielles, les services publics, la mobilit\u00e9 ou tout simplement les loisirs. Notre territoire est toutefois limit\u00e9 et les constructions que nous \u00e9rigeons demeurent de nombreuses ann\u00e9es. La mani\u00e8re dont nous organisons le territoire en d\u00e9terminant quelles activit\u00e9s sont pr\u00e9vues \u00e0 quels endroits de m\u00eame que la mani\u00e8re dont nous construisons avec quel mat\u00e9riaux, \u00e9quipements, etc. ont un impact non n\u00e9gligeable sur notre environnement mais \u00e9galement en termes de protection du paysage et du patrimoine b\u00e2ti.<\/p>\n<p>Notre Parti estime donc important que l\u2019am\u00e9nagement du territoire soit encadr\u00e9 de mani\u00e8re optimale et transparente pour garantir un d\u00e9veloppement harmonieux et \u00e9quilibr\u00e9, qui tient compte de tous les int\u00e9r\u00eats en jeu, que ce soit le bien-\u00eatre de la population, le dynamisme de l\u2019\u00e9conomie et la protection de l\u2019environnement au sens large. Pour ce faire, nous soutenons une approche globale et l\u2019application des principes de la densification, de la mixit\u00e9 des zones centrales, des zones de rencontres, des mesures contre les \u00eelots de chaleur, de l\u2019int\u00e9gration des besoins pour une mobilit\u00e9 multimodale efficiente et du respect des zones naturelles.<\/p>\n<p>En mati\u00e8re de constructions, nous d\u00e9fendons un urbanisme de qualit\u00e9 avec des b\u00e2timents qui s\u2019int\u00e8grent dans le paysage, respectivement dans le milieu b\u00e2ti existant. Par ailleurs nous estimons primordial que les constructions soient \u00e9quip\u00e9es de panneaux photovolta\u00efques lorsque c\u2019est raisonnablement possible et que les constructions int\u00e8grent autant que possible des surfaces v\u00e9g\u00e9talis\u00e9es. Nous souhaitons \u00e9galement accentuer les efforts en mati\u00e8re d\u2019assainissement des b\u00e2timents existants pour diminuer leur consommation \u00e9nerg\u00e9tique. Finalement, la r\u00e9novation des constructions existantes doit \u00eatre soutenues, surtout lorsqu\u2019elles ont une valeur importante pour le patrimoine architectural.<\/p>\n\t\t\t\t\t\t\t\t<\/div>\n\t\t\t\t<\/div>\n\t\t\t\t<\/div>\n\t\t\t\t<\/div>\n\t\t\t\t\t<\/div>\n\t\t\t\t<\/div>\n\t\t<div class=\"elementor-element elementor-element-559721e e-flex e-con-boxed e-con e-parent\" data-id=\"559721e\" data-element_type=\"container\" data-e-type=\"container\">\n\t\t\t\t\t<div class=\"e-con-inner\">\n\t\t<div class=\"elementor-element elementor-element-b185ba8 e-con-full e-flex e-con e-child\" data-id=\"b185ba8\" data-element_type=\"container\" data-e-type=\"container\">\n\t\t<div class=\"elementor-element elementor-element-487b851 e-con-full elementor-hidden-tablet elementor-hidden-mobile e-flex e-con e-child\" data-id=\"487b851\" data-element_type=\"container\" data-e-type=\"container\">\n\t\t\t\t<\/div>\n\t\t<div class=\"elementor-element elementor-element-dee2735 e-con-full e-flex e-con e-child\" data-id=\"dee2735\" data-element_type=\"container\" data-e-type=\"container\">\n\t\t\t\t<div class=\"elementor-element elementor-element-0af00ca elementor-widget__width-inherit elementor-widget elementor-widget-heading\" data-id=\"0af00ca\" data-element_type=\"widget\" data-e-type=\"widget\" data-widget_type=\"heading.default\">\n\t\t\t\t<div class=\"elementor-widget-container\">\n\t\t\t\t\t<h2 class=\"elementor-heading-title elementor-size-default\">Agriculture, gestion foresti\u00e8re, ressources naturelles et biodiversit\u00e9<\/h2>\t\t\t\t<\/div>\n\t\t\t\t<\/div>\n\t\t\t\t<div class=\"elementor-element elementor-element-e837611 elementor-widget elementor-widget-text-editor\" data-id=\"e837611\" data-element_type=\"widget\" data-e-type=\"widget\" data-widget_type=\"text-editor.default\">\n\t\t\t\t<div class=\"elementor-widget-container\">\n\t\t\t\t\t\t\t\t\t<p>Les surfaces agricoles et foresti\u00e8res sont \u00e9tendues dans le canton de Fribourg. La mani\u00e8re dont elles sont exploit\u00e9es joue un r\u00f4le important pour notre alimentation, notre \u00e9conomie, et pour la protection de l\u2019environnement. Le PVL du canton de Fribourg d\u00e9fend, dans un esprit de collaboration avec les exploitants concern\u00e9s, un mode d\u2019exploitation qui favorise la protection de l\u2019environnement, renonce autant que possible aux produits chimiques et int\u00e8gre des mesures pour encourager la biodiversit\u00e9 et prot\u00e9ger nos ressources naturelles. Notre Parti soutient les circuits courts favorables aux producteurs locaux et aux consommateurs. Le r\u00f4le social, paysager et protecteur contre les dangers naturels des surfaces agricoles et foresti\u00e8res doit \u00e9galement \u00eatre pris en compte.<\/p>\n\t\t\t\t\t\t\t\t<\/div>\n\t\t\t\t<\/div>\n\t\t\t\t<\/div>\n\t\t\t\t<\/div>\n\t\t\t\t\t<\/div>\n\t\t\t\t<\/div>\n\t\t<div class=\"elementor-element elementor-element-d1c4689 e-flex e-con-boxed e-con e-parent\" data-id=\"d1c4689\" data-element_type=\"container\" data-e-type=\"container\">\n\t\t\t\t\t<div class=\"e-con-inner\">\n\t\t<div class=\"elementor-element elementor-element-1168aeb e-con-full e-flex e-con e-child\" data-id=\"1168aeb\" data-element_type=\"container\" data-e-type=\"container\">\n\t\t<div class=\"elementor-element elementor-element-929a7d6 e-con-full elementor-hidden-tablet elementor-hidden-mobile e-flex e-con e-child\" data-id=\"929a7d6\" data-element_type=\"container\" data-e-type=\"container\">\n\t\t\t\t<\/div>\n\t\t<div class=\"elementor-element elementor-element-dfafc02 e-con-full e-flex e-con e-child\" data-id=\"dfafc02\" data-element_type=\"container\" data-e-type=\"container\">\n\t\t\t\t<div class=\"elementor-element elementor-element-94ed5a4 elementor-widget__width-inherit elementor-widget elementor-widget-heading\" data-id=\"94ed5a4\" data-element_type=\"widget\" data-e-type=\"widget\" data-widget_type=\"heading.default\">\n\t\t\t\t<div class=\"elementor-widget-container\">\n\t\t\t\t\t<h2 class=\"elementor-heading-title elementor-size-default\">Gestion des d\u00e9chets<\/h2>\t\t\t\t<\/div>\n\t\t\t\t<\/div>\n\t\t\t\t<div class=\"elementor-element elementor-element-e6c61c0 elementor-widget elementor-widget-text-editor\" data-id=\"e6c61c0\" data-element_type=\"widget\" data-e-type=\"widget\" data-widget_type=\"text-editor.default\">\n\t\t\t\t<div class=\"elementor-widget-container\">\n\t\t\t\t\t\t\t\t\t<p>La gestion des d\u00e9chets doit s\u2019appr\u00e9hender tant sous l\u2019angle de leur production que de leur \u00e9limination. Il est important pour notre Parti que des mesures soient prises pour r\u00e9duire la production des d\u00e9chets, notamment par l\u2019usage d\u2019objets r\u00e9utilisables ou la renonciation aux emballages superficiels mais aussi par l&rsquo;allongement de la dur\u00e9e de vie d&rsquo;\u00e9quipements, notamment informatiques, passant par la r\u00e9paration et la lutte contre l&rsquo;obsolescence programm\u00e9e. De l\u2019autre c\u00f4t\u00e9, le tri et le recyclage des d\u00e9chets et, le cas \u00e9ch\u00e9ant, leur revalorisation, doit \u00eatre soutenu.<\/p>\n\t\t\t\t\t\t\t\t<\/div>\n\t\t\t\t<\/div>\n\t\t\t\t<div class=\"elementor-element elementor-element-10c1bf6 elementor-widget__width-inherit elementor-widget elementor-widget-spacer\" data-id=\"10c1bf6\" data-element_type=\"widget\" data-e-type=\"widget\" data-widget_type=\"spacer.default\">\n\t\t\t\t<div class=\"elementor-widget-container\">\n\t\t\t\t\t\t\t<div class=\"elementor-spacer\">\n\t\t\t<div class=\"elementor-spacer-inner\"><\/div>\n\t\t<\/div>\n\t\t\t\t\t\t<\/div>\n\t\t\t\t<\/div>\n\t\t\t\t<\/div>\n\t\t\t\t<\/div>\n\t\t\t\t\t<\/div>\n\t\t\t\t<\/div>\n\t\t<div class=\"elementor-element elementor-element-15eb6a3 e-flex e-con-boxed e-con e-child\" data-id=\"15eb6a3\" data-element_type=\"container\" data-e-type=\"container\">\n\t\t\t\t\t<div class=\"e-con-inner\">\n\t\t<div class=\"elementor-element elementor-element-632f0fd1 e-con-full e-flex e-con e-child\" data-id=\"632f0fd1\" data-element_type=\"container\" data-e-type=\"container\">\n\t\t<div class=\"elementor-element elementor-element-730cea26 e-con-full elementor-hidden-tablet elementor-hidden-mobile e-flex e-con e-child\" data-id=\"730cea26\" data-element_type=\"container\" data-e-type=\"container\">\n\t\t\t\t<\/div>\n\t\t<div class=\"elementor-element elementor-element-13901707 e-con-full e-flex e-con e-child\" data-id=\"13901707\" data-element_type=\"container\" data-e-type=\"container\">\n\t\t<div class=\"elementor-element elementor-element-2da8ae84 e-con-full e-flex e-con e-child\" data-id=\"2da8ae84\" data-element_type=\"container\" data-e-type=\"container\">\n\t\t\t\t<div class=\"elementor-element elementor-element-75674196 elementor-widget elementor-widget-image\" data-id=\"75674196\" data-element_type=\"widget\" data-e-type=\"widget\" data-widget_type=\"image.default\">\n\t\t\t\t<div class=\"elementor-widget-container\">\n\t\t\t\t\t\t\t\t\t\t\t\t\t\t\t<img fetchpriority=\"high\" decoding=\"async\" width=\"1280\" height=\"960\" src=\"https:\/\/fr.bi.glpch2.dev\/wp-content\/uploads\/sites\/8\/2025\/03\/garbage-can-1260832_1280.jpg\" class=\"attachment-full size-full wp-image-25256\" alt=\"d\u00e9chets PVL Fribourg GLP Freiburg\" srcset=\"https:\/\/fr.bi.glpch2.dev\/wp-content\/uploads\/sites\/8\/2025\/03\/garbage-can-1260832_1280.jpg 1280w, https:\/\/fr.bi.glpch2.dev\/wp-content\/uploads\/sites\/8\/2025\/03\/garbage-can-1260832_1280-300x225.jpg 300w, https:\/\/fr.bi.glpch2.dev\/wp-content\/uploads\/sites\/8\/2025\/03\/garbage-can-1260832_1280-1024x768.jpg 1024w, https:\/\/fr.bi.glpch2.dev\/wp-content\/uploads\/sites\/8\/2025\/03\/garbage-can-1260832_1280-768x576.jpg 768w\" sizes=\"(max-width: 1280px) 100vw, 1280px\" \/>\t\t\t\t\t\t\t\t\t\t\t\t\t\t\t<\/div>\n\t\t\t\t<\/div>\n\t\t\t\t<\/div>\n\t\t\t\t<\/div>\n\t\t\t\t<\/div>\n\t\t\t\t\t<\/div>\n\t\t\t\t<\/div>\n\t\t\t\t<\/div>\n\t\t","protected":false},"excerpt":{"rendered":"<p>Politique ENVIRONNEMENT Le courage d\u2019agir pour l&rsquo;environnement En mati\u00e8re d\u2019environnement, le PVL du canton de Fribourg s\u2019engage dans 5 domaines prioritaires (cf. ci-dessous), avec une approche positive et incitative, bas\u00e9e sur les progr\u00e8s technologiques accomplis et \u00e0 venir, plut\u00f4t qu\u2019une approche restrictive de d\u00e9croissance. \u00c9nergie L\u2019\u00e9nergie, de mani\u00e8re g\u00e9n\u00e9rale, est n\u00e9cessaire pour presque toutes nos [&hellip;]<\/p>\n","protected":false},"author":1,"featured_media":25254,"parent":16432,"menu_order":0,"comment_status":"closed","ping_status":"closed","template":"","meta":{"footnotes":""},"class_list":["post-16098","page","type-page","status-publish","has-post-thumbnail","hentry"],"_links":{"self":[{"href":"https:\/\/fr.bi.glpch2.dev\/fr\/wp-json\/wp\/v2\/pages\/16098","targetHints":{"allow":["GET"]}}],"collection":[{"href":"https:\/\/fr.bi.glpch2.dev\/fr\/wp-json\/wp\/v2\/pages"}],"about":[{"href":"https:\/\/fr.bi.glpch2.dev\/fr\/wp-json\/wp\/v2\/types\/page"}],"author":[{"embeddable":true,"href":"https:\/\/fr.bi.glpch2.dev\/fr\/wp-json\/wp\/v2\/users\/1"}],"replies":[{"embeddable":true,"href":"https:\/\/fr.bi.glpch2.dev\/fr\/wp-json\/wp\/v2\/comments?post=16098"}],"version-history":[{"count":0,"href":"https:\/\/fr.bi.glpch2.dev\/fr\/wp-json\/wp\/v2\/pages\/16098\/revisions"}],"up":[{"embeddable":true,"href":"https:\/\/fr.bi.glpch2.dev\/fr\/wp-json\/wp\/v2\/pages\/16432"}],"wp:featuredmedia":[{"embeddable":true,"href":"https:\/\/fr.bi.glpch2.dev\/fr\/wp-json\/wp\/v2\/media\/25254"}],"wp:attachment":[{"href":"https:\/\/fr.bi.glpch2.dev\/fr\/wp-json\/wp\/v2\/media?parent=16098"}],"curies":[{"name":"wp","href":"https:\/\/api.w.org\/{rel}","templated":true}]}}